{"id":836,"date":"2020-02-18T17:51:17","date_gmt":"2020-02-18T16:51:17","guid":{"rendered":"http:\/\/lesrobines.fr\/?page_id=836"},"modified":"2020-06-05T10:38:47","modified_gmt":"2020-06-05T08:38:47","slug":"lequipe-des-robin-e-s","status":"publish","type":"page","link":"https:\/\/lesrobines.fr\/index.php\/lequipe-des-robin-e-s\/","title":{"rendered":"L&rsquo;\u00e9quipe des Robin.e.s"},"content":{"rendered":"<div id=\"pl-836\"  class=\"panel-layout\" ><div id=\"pg-836-0\"  class=\"panel-grid panel-no-style\" ><div id=\"pgc-836-0-0\"  class=\"panel-grid-cell\" ><div id=\"panel-836-0-0-0\" class=\"widget_text so-panel widget widget_custom_html panel-first-child panel-last-child\" data-index=\"0\" ><h3 class=\"widget-title\">Notre \u00e9quipe<\/h3><div class=\"textwidget custom-html-widget\"><\/div><\/div><\/div><\/div><div id=\"pg-836-1\"  class=\"panel-grid panel-no-style\" ><div id=\"pgc-836-1-0\"  class=\"panel-grid-cell\" ><div id=\"panel-836-1-0-0\" class=\"so-panel widget widget_media_image panel-first-child panel-last-child\" data-index=\"1\" ><a href=\"https:\/\/youtu.be\/XqB4Jtbdedc\"><img width=\"221\" height=\"300\" src=\"https:\/\/lesrobines.fr\/wp-content\/uploads\/2020\/03\/01_Viviane_TIVENT-221x300.jpg\" class=\"image wp-image-1324  attachment-medium size-medium\" alt=\"01_Viviane_TIVENT\" decoding=\"async\" loading=\"lazy\" style=\"max-width: 100%; height: auto;\" srcset=\"https:\/\/lesrobines.fr\/wp-content\/uploads\/2020\/03\/01_Viviane_TIVENT-221x300.jpg 221w, https:\/\/lesrobines.fr\/wp-content\/uploads\/2020\/03\/01_Viviane_TIVENT.jpg 441w\" sizes=\"(max-width: 221px) 100vw, 221px\" \/><\/a><\/div><\/div><div id=\"pgc-836-1-1\"  class=\"panel-grid-cell\" ><div id=\"panel-836-1-1-0\" class=\"widget_text so-panel widget widget_custom_html panel-first-child panel-last-child\" data-index=\"2\" ><div class=\"textwidget custom-html-widget\"><body>\n<big style=\"color: rgb(84, 172, 156);\"><big\n style=\"font-family: Arial; font-weight: bold;\">\nViviane THIVENT\n<\/big><span style=\"font-family: Arial; font-style: italic;\"><\/span><\/big><br>\n<big><span style=\"font-family: Arial;\">\nJournaliste scientifique, 42 ans \n<br>\n<\/span><span style=\"font-family: Arial; font-style: italic;\"><\/span><\/big>\n<blockquote><span style=\"font-family: Arial,sans-serif;\"\n ;style=\"font-size: medium;\"><i><span\n style=\"font-weight: bold;\"><\/span>\nElle \u00e9crit pour Le Monde, Sciences et Avenir, National Geographic ou The good life. Fellow de l'universit\u00e9 Columbia \u00e0 New York.\n\t<\/i><\/span>\n<\/blockquote>\n<\/body>\n<\/div><\/div><\/div><\/div><div id=\"pg-836-2\"  class=\"panel-grid panel-no-style\" ><div id=\"pgc-836-2-0\"  class=\"panel-grid-cell\" ><div id=\"panel-836-2-0-0\" class=\"widget_text so-panel widget widget_custom_html panel-first-child panel-last-child\" data-index=\"3\" ><div class=\"textwidget custom-html-widget\"><blockquote>\n  <p class=\"western\"><class=\"\"\n style=\"font-style: italic;\"><span\n style=\"font-family: Arial;\">Elle est aussi laur\u00e9ate de la bourse d'enqu\u00eate de l'European Journalism centre et de Foundation Bill et Melinda Gates. Engag\u00e9e pour la libert\u00e9 d'expression et la d\u00e9fense d'une information ind\u00e9pendante et de qualit\u00e9, elle a \u00e9t\u00e9 pr\u00e9sidente des associations nationale et europ\u00e9enne de journalisme scientifique. Elle a en outre co-fond\u00e9 Les Transm\u00e9duses, une entreprise narbonnaise qui propose des formats innovants pour l'information en puisant dans les nouvelles technologies autant que dans les arts plastiques ou vivants.<\/span><\/p>\n<\/blockquote>\n<\/div><\/div><\/div><\/div><div id=\"pg-836-3\"  class=\"panel-grid panel-no-style\" ><div id=\"pgc-836-3-0\"  class=\"panel-grid-cell\" ><div id=\"panel-836-3-0-0\" class=\"so-panel widget widget_media_image panel-first-child panel-last-child\" data-index=\"4\" ><a href=\"https:\/\/youtu.be\/0Lkkf46wmN4\"><img width=\"200\" height=\"300\" src=\"https:\/\/lesrobines.fr\/wp-content\/uploads\/2020\/03\/02_Yann_RUDENT-200x300.jpg\" class=\"image wp-image-1325  attachment-medium size-medium\" alt=\"02_Yann_RUDENT\" decoding=\"async\" loading=\"lazy\" style=\"max-width: 100%; height: auto;\" srcset=\"https:\/\/lesrobines.fr\/wp-content\/uploads\/2020\/03\/02_Yann_RUDENT-200x300.jpg 200w, https:\/\/lesrobines.fr\/wp-content\/uploads\/2020\/03\/02_Yann_RUDENT.jpg 400w\" sizes=\"(max-width: 200px) 100vw, 200px\" \/><\/a><\/div><\/div><div id=\"pgc-836-3-1\"  class=\"panel-grid-cell\" ><div id=\"panel-836-3-1-0\" class=\"widget_text so-panel widget widget_custom_html panel-first-child panel-last-child\" data-index=\"5\" ><div class=\"textwidget custom-html-widget\"><body>\n<big style=\"color: rgb(232, 110, 112);\"><big\n style=\"font-family: Arial; font-weight: bold;\">Yann RUDENT\n<\/big><span style=\"font-family: Arial; font-style: italic;\"><\/span><\/big><br>\n<big><span style=\"font-family: Arial;\">\nResponsable associatif, 56 ans\n<br>\n<\/span><span style=\"font-family: Arial; font-style: italic;\"><\/span><\/big>\n<blockquote>\n<span\n style=\"font-family: Arial,sans-serif;\"\n ;style=\"font-size: medium;\"><i>\nNaturaliste, \u00e9ducateur \u00e0 l'environnement, \u00e0 l'agriculture biologique, \u00e0 l'alimentation, \u00e0 la citoyennet\u00e9. S'engager avec les Robin.e.s c'est enfin la possibilit\u00e9 de mettre politiquement et collectivement en action ses id\u00e9es au service de l'environnement et pour le bien de tou.te.s. \n\t\n  <\/i><\/span>\n<\/blockquote>\n<\/body>\n<\/div><\/div><\/div><\/div><div id=\"pg-836-4\"  class=\"panel-grid panel-no-style\" ><div id=\"pgc-836-4-0\"  class=\"panel-grid-cell\" ><div id=\"panel-836-4-0-0\" class=\"so-panel widget widget_media_image panel-first-child panel-last-child\" data-index=\"6\" ><a href=\"https:\/\/youtu.be\/qaiHEtuFT6I\"><img width=\"200\" height=\"300\" src=\"https:\/\/lesrobines.fr\/wp-content\/uploads\/2020\/03\/03_Virginie_BIROCHEAU-200x300.jpg\" class=\"image wp-image-1326  attachment-medium size-medium\" alt=\"03_Virginie_BIROCHEAU\" decoding=\"async\" loading=\"lazy\" style=\"max-width: 100%; height: auto;\" srcset=\"https:\/\/lesrobines.fr\/wp-content\/uploads\/2020\/03\/03_Virginie_BIROCHEAU-200x300.jpg 200w, https:\/\/lesrobines.fr\/wp-content\/uploads\/2020\/03\/03_Virginie_BIROCHEAU.jpg 400w\" sizes=\"(max-width: 200px) 100vw, 200px\" \/><\/a><\/div><\/div><div id=\"pgc-836-4-1\"  class=\"panel-grid-cell\" ><div id=\"panel-836-4-1-0\" class=\"widget_text so-panel widget widget_custom_html panel-first-child panel-last-child\" data-index=\"7\" ><div class=\"textwidget custom-html-widget\"><body>\n<big style=\"color: rgb(84, 172, 156);\"><big\n style=\"font-family: Arial; font-weight: bold;\">\nVirginie BIROCHEAU\n<\/big><span style=\"font-family: Arial; font-style: italic;\"><\/span><\/big><br>\n<big><span style=\"font-family: Arial;\">\nM\u00e9decin g\u00e9n\u00e9raliste, 44 ans \n<br>\n<\/span><span style=\"font-family: Arial; font-style: italic;\"><\/span><\/big>\n<blockquote>\n<span\n style=\"font-family: Arial,sans-serif;\"\n ;style=\"font-size: medium;\"><i>\nViviane Thivent est une femme dont l'intelligence, le courage et la d\u00e9termination font que le choix de m'engager \u00e0 ses c\u00f4t\u00e9s avec les Robin.e.s est une \u00e9vidence. C'est une incroyable aventure citoyenne qui offre \u00e0 chacun.e le choix d'un vrai tournant \u00e9cologique et solidaire pour notre magnifique ville de Narbonne, pour une \u00e9cologie qui rassemble... Ensemble ! \n<\/i><\/span>\n<\/blockquote>\n<\/body><\/div><\/div><\/div><\/div><div id=\"pg-836-5\"  class=\"panel-grid panel-no-style\" ><div id=\"pgc-836-5-0\"  class=\"panel-grid-cell\" ><div id=\"panel-836-5-0-0\" class=\"so-panel widget widget_media_image panel-first-child panel-last-child\" data-index=\"8\" ><a href=\"https:\/\/youtu.be\/yucs8t9sHhw\"><img width=\"200\" height=\"300\" src=\"https:\/\/lesrobines.fr\/wp-content\/uploads\/2020\/03\/04_Francis_MORLON-200x300.jpg\" class=\"image wp-image-1327  attachment-medium size-medium\" alt=\"04_Francis_MORLON\" decoding=\"async\" loading=\"lazy\" style=\"max-width: 100%; height: auto;\" srcset=\"https:\/\/lesrobines.fr\/wp-content\/uploads\/2020\/03\/04_Francis_MORLON-200x300.jpg 200w, https:\/\/lesrobines.fr\/wp-content\/uploads\/2020\/03\/04_Francis_MORLON.jpg 400w\" sizes=\"(max-width: 200px) 100vw, 200px\" \/><\/a><\/div><\/div><div id=\"pgc-836-5-1\"  class=\"panel-grid-cell\" ><div id=\"panel-836-5-1-0\" class=\"widget_text so-panel widget widget_custom_html panel-first-child panel-last-child\" data-index=\"9\" ><div class=\"textwidget custom-html-widget\"><body>\n<big style=\"color: rgb(232, 110, 112);\"><big\n style=\"font-family: Arial; font-weight: bold;\">Francis MORLON\n<\/big><span style=\"font-family: Arial; font-style: italic;\"><\/span><\/big><br>\n<big><span style=\"font-family: Arial;\">\nCadre associatif, 42 ans\n<br>\n<\/span><span style=\"font-family: Arial; font-style: italic;\"><\/span><\/big>\n<blockquote>\n<span\n style=\"font-family: Arial,sans-serif;\"\n ;style=\"font-size: medium;\"><i>\nJ\u2019ai milit\u00e9 tr\u00e8s t\u00f4t\npour la prise en compte des enjeux \u00e9cologiques. Maintenant, nous\nn\u2019avons plus le choix, il faut acc\u00e9l\u00e9rer la transition. L\u2019\u00e9chelle\ncommunale est pertinente pour porter cette dynamique et je veux \u00eatre un\ndes acteurs pour nous, nos enfants et l\u2019ensemble de notre bel\nenvironnement.\n\t\n  <\/i><\/span>\n<\/blockquote>\n<\/body>\n<\/div><\/div><\/div><\/div><div id=\"pg-836-6\"  class=\"panel-grid panel-no-style\" ><div id=\"pgc-836-6-0\"  class=\"panel-grid-cell\" ><div id=\"panel-836-6-0-0\" class=\"so-panel widget widget_media_image panel-first-child panel-last-child\" data-index=\"10\" ><a href=\"https:\/\/youtu.be\/a2LSRF9lBdI\"><img width=\"200\" height=\"300\" src=\"https:\/\/lesrobines.fr\/wp-content\/uploads\/2020\/03\/05_Sandrine_SIRVENT-200x300.jpg\" class=\"image wp-image-1328  attachment-medium size-medium\" alt=\"05_Sandrine_SIRVENT\" decoding=\"async\" loading=\"lazy\" style=\"max-width: 100%; height: auto;\" srcset=\"https:\/\/lesrobines.fr\/wp-content\/uploads\/2020\/03\/05_Sandrine_SIRVENT-200x300.jpg 200w, https:\/\/lesrobines.fr\/wp-content\/uploads\/2020\/03\/05_Sandrine_SIRVENT.jpg 400w\" sizes=\"(max-width: 200px) 100vw, 200px\" \/><\/a><\/div><\/div><div id=\"pgc-836-6-1\"  class=\"panel-grid-cell\" ><div id=\"panel-836-6-1-0\" class=\"widget_text so-panel widget widget_custom_html panel-first-child panel-last-child\" data-index=\"11\" ><div class=\"textwidget custom-html-widget\"><body>\n<big style=\"color: rgb(84, 172, 156);\"><big\n style=\"font-family: Arial; font-weight: bold;\">\nSandrine SIRVENT\n<\/big><span style=\"font-family: Arial; font-style: italic;\"><\/span><\/big><br>\n<big><span style=\"font-family: Arial;\">\nEnseignante sp\u00e9cialis\u00e9e, 39 ans\n<br>\n<\/span><span style=\"font-family: Arial; font-style: italic;\"><\/span><\/big>\n<blockquote>\n<span\n style=\"font-family: Arial,sans-serif;\"\n ;style=\"font-size: medium;\"><i>\nJe m\u2019occupe d\u2019adolescents en grande difficult\u00e9 scolaire \u00e0 Narbonne. De plus, en tant que conseill\u00e8re du salari\u00e9 et syndicaliste, je soutiens et d\u00e9fends les salari\u00e9s de tous les secteurs d\u2019activit\u00e9 dans le narbonnais. Si je m\u2019engage aujourd\u2019hui, c'est pour mettre en place des projets \u00e9cologiques qui visent l\u2019int\u00e9r\u00eat g\u00e9n\u00e9ral. \n<\/i><\/span>\n<\/blockquote>\n<\/body><\/div><\/div><\/div><\/div><div id=\"pg-836-7\"  class=\"panel-grid panel-no-style\" ><div id=\"pgc-836-7-0\"  class=\"panel-grid-cell\" ><div id=\"panel-836-7-0-0\" class=\"so-panel widget widget_media_image panel-first-child panel-last-child\" data-index=\"12\" ><img width=\"200\" height=\"300\" src=\"https:\/\/lesrobines.fr\/wp-content\/uploads\/2020\/03\/06_Laurent_FABAS-200x300.jpg\" class=\"image wp-image-1329  attachment-medium size-medium\" alt=\"06_Laurent_FABAS\" decoding=\"async\" loading=\"lazy\" style=\"max-width: 100%; height: auto;\" srcset=\"https:\/\/lesrobines.fr\/wp-content\/uploads\/2020\/03\/06_Laurent_FABAS-200x300.jpg 200w, https:\/\/lesrobines.fr\/wp-content\/uploads\/2020\/03\/06_Laurent_FABAS.jpg 400w\" sizes=\"(max-width: 200px) 100vw, 200px\" \/><\/div><\/div><div id=\"pgc-836-7-1\"  class=\"panel-grid-cell\" ><div id=\"panel-836-7-1-0\" class=\"widget_text so-panel widget widget_custom_html panel-first-child panel-last-child\" data-index=\"13\" ><div class=\"textwidget custom-html-widget\"><body>\n<big style=\"color: rgb(232, 110, 112);\"><big\n style=\"font-family: Arial; font-weight: bold;\">\nLaurent FABAS\n<\/big><span style=\"font-family: Arial; font-style: italic;\"><\/span><\/big><br>\n<big><span style=\"font-family: Arial;\">\nIng\u00e9nieur et urbaniste, 40 ans\n<br>\n<\/span><span style=\"font-family: Arial; font-style: italic;\"><\/span><\/big>\n<blockquote>\n<span\n style=\"font-family: Arial,sans-serif;\"\n ;style=\"font-size: medium;\"><i>\nUn soir d'hiver, les Robin.e.s m'ont demand\u00e9 : \"Et vous, que voulez-vous pour Narbonne ? Notre ville est plurimill\u00e9naire, rendons la durable leur dis-je !\" J'ai senti un vent nouveau...Et vous, que voulez vous pour Narbonne ? \n\t\n  <\/i><\/span>\n<\/blockquote>\n<\/body>\n<\/div><\/div><\/div><\/div><div id=\"pg-836-8\"  class=\"panel-grid panel-no-style\" ><div id=\"pgc-836-8-0\"  class=\"panel-grid-cell\" ><div id=\"panel-836-8-0-0\" class=\"so-panel widget widget_media_image panel-first-child panel-last-child\" data-index=\"14\" ><img width=\"200\" height=\"300\" src=\"https:\/\/lesrobines.fr\/wp-content\/uploads\/2020\/03\/07_Muriel_BOZZA-200x300.jpg\" class=\"image wp-image-1330  attachment-medium size-medium\" alt=\"07_Muriel_BOZZA\" decoding=\"async\" loading=\"lazy\" style=\"max-width: 100%; height: auto;\" srcset=\"https:\/\/lesrobines.fr\/wp-content\/uploads\/2020\/03\/07_Muriel_BOZZA-200x300.jpg 200w, https:\/\/lesrobines.fr\/wp-content\/uploads\/2020\/03\/07_Muriel_BOZZA.jpg 400w\" sizes=\"(max-width: 200px) 100vw, 200px\" \/><\/div><\/div><div id=\"pgc-836-8-1\"  class=\"panel-grid-cell\" ><div id=\"panel-836-8-1-0\" class=\"widget_text so-panel widget widget_custom_html panel-first-child panel-last-child\" data-index=\"15\" ><div class=\"textwidget custom-html-widget\"><body>\n<big style=\"color: rgb(84, 172, 156);\"><big\n style=\"font-family: Arial; font-weight: bold;\">\nMuriel BOZZA\n<\/big><span style=\"font-family: Arial; font-style: italic;\"><\/span><\/big><br>\n<big><span style=\"font-family: Arial;\">\nProfesseure des \u00e9coles sp\u00e9cialis\u00e9e, 53 ans\n<br>\n<\/span><span style=\"font-family: Arial; font-style: italic;\"><\/span><\/big>\n<blockquote>\n<span\n style=\"font-family: Arial,sans-serif;\"\n ;style=\"font-size: medium;\"><i>\nL\u2019\u00e9cologie est l\u2019affaire de tou.te.s, elle concerne l\u2019ensemble des citoyen.ne.s. Je souhaite une ville \u00e9cologique et solidaire pour l\u2019avenir de nos enfants et le bien-\u00eatre de tou.te.s. \n<\/i><\/span>\n<\/blockquote>\n<\/body><\/div><\/div><\/div><\/div><div id=\"pg-836-9\"  class=\"panel-grid panel-no-style\" ><div id=\"pgc-836-9-0\"  class=\"panel-grid-cell\" ><div id=\"panel-836-9-0-0\" class=\"so-panel widget widget_media_image panel-first-child panel-last-child\" data-index=\"16\" ><a href=\"https:\/\/youtu.be\/kU_lwihbI9E\"><img width=\"200\" height=\"300\" src=\"https:\/\/lesrobines.fr\/wp-content\/uploads\/2020\/03\/08_Sergio_GONCALVES_ALMEIDA-200x300.jpg\" class=\"image wp-image-1331  attachment-medium size-medium\" alt=\"08_Sergio_GONCALVES_ALMEIDA\" decoding=\"async\" loading=\"lazy\" style=\"max-width: 100%; height: auto;\" srcset=\"https:\/\/lesrobines.fr\/wp-content\/uploads\/2020\/03\/08_Sergio_GONCALVES_ALMEIDA-200x300.jpg 200w, https:\/\/lesrobines.fr\/wp-content\/uploads\/2020\/03\/08_Sergio_GONCALVES_ALMEIDA.jpg 400w\" sizes=\"(max-width: 200px) 100vw, 200px\" \/><\/a><\/div><\/div><div id=\"pgc-836-9-1\"  class=\"panel-grid-cell\" ><div id=\"panel-836-9-1-0\" class=\"widget_text so-panel widget widget_custom_html panel-first-child panel-last-child\" data-index=\"17\" ><div class=\"textwidget custom-html-widget\"><body>\n<big style=\"color: rgb(232, 110, 112);\"><big\n style=\"font-family: Arial; font-weight: bold;\">\nSergio GONCALVES ALMEIDA\n<\/big><span style=\"font-family: Arial; font-style: italic;\"><\/span><\/big><br>\n<big><span style=\"font-family: Arial;\">\n Consultant en D\u00e9veloppement Durable, 54 ans\n<br>\n<\/span><span style=\"font-family: Arial; font-style: italic;\"><\/span><\/big>\n<blockquote>\n<span\n style=\"font-family: Arial,sans-serif;\"\n ;style=\"font-size: medium;\"><i>\nJe suis responsable associatif pour l\u2019environnement depuis 4 ans alors apr\u00e8s la sensibilisation et l\u2019action, il \u00e9tait urgent de m\u2019engager dans le changement de soci\u00e9t\u00e9, dans une politique locale, efficace et responsable.\n\t\n  <\/i><\/span>\n<\/blockquote>\n<\/body>\n<\/div><\/div><\/div><\/div><div id=\"pg-836-10\"  class=\"panel-grid panel-no-style\" ><div id=\"pgc-836-10-0\"  class=\"panel-grid-cell\" ><div id=\"panel-836-10-0-0\" class=\"so-panel widget widget_media_image panel-first-child panel-last-child\" data-index=\"18\" ><img width=\"200\" height=\"300\" src=\"https:\/\/lesrobines.fr\/wp-content\/uploads\/2020\/03\/09_Fabienne_GUERRY-200x300.jpg\" class=\"image wp-image-1332  attachment-medium size-medium\" alt=\"09_Fabienne_GUERRY\" decoding=\"async\" loading=\"lazy\" style=\"max-width: 100%; height: auto;\" srcset=\"https:\/\/lesrobines.fr\/wp-content\/uploads\/2020\/03\/09_Fabienne_GUERRY-200x300.jpg 200w, https:\/\/lesrobines.fr\/wp-content\/uploads\/2020\/03\/09_Fabienne_GUERRY.jpg 400w\" sizes=\"(max-width: 200px) 100vw, 200px\" \/><\/div><\/div><div id=\"pgc-836-10-1\"  class=\"panel-grid-cell\" ><div id=\"panel-836-10-1-0\" class=\"widget_text so-panel widget widget_custom_html panel-first-child panel-last-child\" data-index=\"19\" ><div class=\"textwidget custom-html-widget\"><body>\n<big style=\"color: rgb(84, 172, 156);\"><big\n style=\"font-family: Arial; font-weight: bold;\">\nFabienne GUERRY\n<\/big><span style=\"font-family: Arial; font-style: italic;\"><\/span><\/big><br>\n<big><span style=\"font-family: Arial;\">\nProfesseure documentaliste, 48 ans\n<br>\n<\/span><span style=\"font-family: Arial; font-style: italic;\"><\/span><\/big>\n<blockquote>\n<span\n style=\"font-family: Arial,sans-serif;\"\n ;style=\"font-size: medium;\"><i>\nEt si les \u00e9lections municipales qui se profilent nous offraient enfin la chance d'amorcer une transition juste face \u00e0 l'urgence \u00e9cologique? Pour un projet global porteur de valeurs \u00e9cologiques et humanistes qui donnera \u00e0 tou.te.s une place dans la ville, je m'engage avec les Robin.e.s. \n<\/i><\/span>\n<\/blockquote>\n<\/body><\/div><\/div><\/div><\/div><div id=\"pg-836-11\"  class=\"panel-grid panel-no-style\" ><div id=\"pgc-836-11-0\"  class=\"panel-grid-cell\" ><div id=\"panel-836-11-0-0\" class=\"so-panel widget widget_media_image panel-first-child panel-last-child\" data-index=\"20\" ><img width=\"200\" height=\"300\" src=\"https:\/\/lesrobines.fr\/wp-content\/uploads\/2020\/03\/10_Carlos_ALVES-200x300.jpg\" class=\"image wp-image-1333  attachment-medium size-medium\" alt=\"10_Carlos_ALVES\" decoding=\"async\" loading=\"lazy\" style=\"max-width: 100%; height: auto;\" srcset=\"https:\/\/lesrobines.fr\/wp-content\/uploads\/2020\/03\/10_Carlos_ALVES-200x300.jpg 200w, https:\/\/lesrobines.fr\/wp-content\/uploads\/2020\/03\/10_Carlos_ALVES.jpg 400w\" sizes=\"(max-width: 200px) 100vw, 200px\" \/><\/div><\/div><div id=\"pgc-836-11-1\"  class=\"panel-grid-cell\" ><div id=\"panel-836-11-1-0\" class=\"widget_text so-panel widget widget_custom_html panel-first-child panel-last-child\" data-index=\"21\" ><div class=\"textwidget custom-html-widget\"><body>\n<big style=\"color: rgb(232, 110, 112);\"><big\n style=\"font-family: Arial; font-weight: bold;\">\nCarlos ALVES\n<\/big><span style=\"font-family: Arial; font-style: italic;\"><\/span><\/big><br>\n<big><span style=\"font-family: Arial;\">\nProfesseur de sciences et technologie, 48 ans\n<br>\n<\/span><span style=\"font-family: Arial; font-style: italic;\"><\/span><\/big>\n<blockquote>\n<span\n style=\"font-family: Arial,sans-serif;\"\n ;style=\"font-size: medium;\"><i>\nIl est, \u00e0 mon avis, important que toutes les d\u00e9cisions prises par le conseil municipal se fassent dor\u00e9navant en tenant compte des enjeux environnementaux, c'est pour cela que j'ai rejoint les Robin.e.s. Et je sais que Viviane Thivent avec son conseil municipal y veillera. \n  <\/i><\/span>\n<\/blockquote>\n<\/body>\n<\/div><\/div><\/div><\/div><div id=\"pg-836-12\"  class=\"panel-grid panel-no-style\" ><div id=\"pgc-836-12-0\"  class=\"panel-grid-cell\" ><div id=\"panel-836-12-0-0\" class=\"so-panel widget widget_media_image panel-first-child panel-last-child\" data-index=\"22\" ><img width=\"200\" height=\"300\" src=\"https:\/\/lesrobines.fr\/wp-content\/uploads\/2020\/03\/11_Marlene_PAINT-200x300.jpg\" class=\"image wp-image-1334  attachment-medium size-medium\" alt=\"11_Marlene_PAINT\" decoding=\"async\" loading=\"lazy\" style=\"max-width: 100%; height: auto;\" srcset=\"https:\/\/lesrobines.fr\/wp-content\/uploads\/2020\/03\/11_Marlene_PAINT-200x300.jpg 200w, https:\/\/lesrobines.fr\/wp-content\/uploads\/2020\/03\/11_Marlene_PAINT.jpg 400w\" sizes=\"(max-width: 200px) 100vw, 200px\" \/><\/div><\/div><div id=\"pgc-836-12-1\"  class=\"panel-grid-cell\" ><div id=\"panel-836-12-1-0\" class=\"widget_text so-panel widget widget_custom_html panel-first-child panel-last-child\" data-index=\"23\" ><div class=\"textwidget custom-html-widget\"><body>\n<big style=\"color: rgb(84, 172, 156);\"><big\n style=\"font-family: Arial; font-weight: bold;\">\nMarl\u00e8ne PAINT\n<\/big><span style=\"font-family: Arial; font-style: italic;\"><\/span><\/big><br>\n<big><span style=\"font-family: Arial;\">\nProfesseure d'anglais, 30 ans\n<br>\n<\/span><span style=\"font-family: Arial; font-style: italic;\"><\/span><\/big>\n<blockquote>\n<span\n style=\"font-family: Arial,sans-serif;\"\n ;style=\"font-size: medium;\"><i>\nJe m\u2019engage pour les Robin.e.s car je veux des d\u00e9placements plus doux et s\u00e9curis\u00e9s pour mes enfants, avec un environnement urbain plus sain, moins pollu\u00e9, de l\u2019agriculture locale et durable. \n<\/i><\/span>\n<\/blockquote>\n<\/body><\/div><\/div><\/div><\/div><div id=\"pg-836-13\"  class=\"panel-grid panel-no-style\" ><div id=\"pgc-836-13-0\"  class=\"panel-grid-cell\" ><div id=\"panel-836-13-0-0\" class=\"so-panel widget widget_media_image panel-first-child panel-last-child\" data-index=\"24\" ><img width=\"200\" height=\"300\" src=\"https:\/\/lesrobines.fr\/wp-content\/uploads\/2020\/03\/12_Pascal_MARGAND-200x300.jpg\" class=\"image wp-image-1335  attachment-medium size-medium\" alt=\"12_Pascal_MARGAND\" decoding=\"async\" loading=\"lazy\" style=\"max-width: 100%; height: auto;\" srcset=\"https:\/\/lesrobines.fr\/wp-content\/uploads\/2020\/03\/12_Pascal_MARGAND-200x300.jpg 200w, https:\/\/lesrobines.fr\/wp-content\/uploads\/2020\/03\/12_Pascal_MARGAND.jpg 400w\" sizes=\"(max-width: 200px) 100vw, 200px\" \/><\/div><\/div><div id=\"pgc-836-13-1\"  class=\"panel-grid-cell\" ><div id=\"panel-836-13-1-0\" class=\"widget_text so-panel widget widget_custom_html panel-first-child panel-last-child\" data-index=\"25\" ><div class=\"textwidget custom-html-widget\"><body>\n<big style=\"color: rgb(232, 110, 112);\"><big\n style=\"font-family: Arial; font-weight: bold;\">\nPascal MARGAND\n<\/big><span style=\"font-family: Arial; font-style: italic;\"><\/span><\/big><br>\n<big><span style=\"font-family: Arial;\">\n Sans activit\u00e9 professionnelle, 32 ans\n<br>\n<\/span><span style=\"font-family: Arial; font-style: italic;\"><\/span><\/big>\n<blockquote>\n<span\n style=\"font-family: Arial,sans-serif;\"\n ;style=\"font-size: medium;\"><i>\nNous pouvons faire de Narbonne une ville agr\u00e9able \u00e0 vivre et respectueuse de l\u2019environnement. De toute fa\u00e7on, nous n\u2019avons pas le choix : il faut marcher dans le sens de l\u2019Histoire ! \n\t\n  <\/i><\/span>\n<\/blockquote>\n<\/body>\n<\/div><\/div><\/div><\/div><div id=\"pg-836-14\"  class=\"panel-grid panel-no-style\" ><div id=\"pgc-836-14-0\"  class=\"panel-grid-cell\" ><div id=\"panel-836-14-0-0\" class=\"so-panel widget widget_media_image panel-first-child panel-last-child\" data-index=\"26\" ><img width=\"200\" height=\"300\" src=\"https:\/\/lesrobines.fr\/wp-content\/uploads\/2020\/03\/13_Aude_GARRIGUE-200x300.jpg\" class=\"image wp-image-1336  attachment-medium size-medium\" alt=\"13_Aude_GARRIGUE\" decoding=\"async\" loading=\"lazy\" style=\"max-width: 100%; height: auto;\" srcset=\"https:\/\/lesrobines.fr\/wp-content\/uploads\/2020\/03\/13_Aude_GARRIGUE-200x300.jpg 200w, https:\/\/lesrobines.fr\/wp-content\/uploads\/2020\/03\/13_Aude_GARRIGUE.jpg 400w\" sizes=\"(max-width: 200px) 100vw, 200px\" \/><\/div><\/div><div id=\"pgc-836-14-1\"  class=\"panel-grid-cell\" ><div id=\"panel-836-14-1-0\" class=\"widget_text so-panel widget widget_custom_html panel-first-child panel-last-child\" data-index=\"27\" ><div class=\"textwidget custom-html-widget\"><body>\n<big style=\"color: rgb(84, 172, 156);\"><big\n style=\"font-family: Arial; font-weight: bold;\">\nAude GARRIGUE\n<\/big><span style=\"font-family: Arial; font-style: italic;\"><\/span><\/big><br>\n<big><span style=\"font-family: Arial;\">\nProfesseure des \u00e9coles, 39 ans\n<br>\n<\/span><span style=\"font-family: Arial; font-style: italic;\"><\/span><\/big>\n<blockquote>\n<span\n style=\"font-family: Arial,sans-serif;\"\n ;style=\"font-size: medium;\"><i>\nJe m'engage pour les Robin.e.s car c'est le seul parti qui pr\u00f4ne r\u00e9ellement l'action pour le climat et la biodiversit\u00e9 en proposant des alternatives b\u00e9n\u00e9fiques, artistiques et r\u00e9alistes pour notre ville. Pour que Narbonne devienne une ville solidaire, intelligente, responsable, cyclables, douce et verte ! \n<\/i><\/span>\n<\/blockquote>\n<\/body><\/div><\/div><\/div><\/div><div id=\"pg-836-15\"  class=\"panel-grid panel-no-style\" ><div id=\"pgc-836-15-0\"  class=\"panel-grid-cell\" ><div id=\"panel-836-15-0-0\" class=\"so-panel widget widget_media_image panel-first-child panel-last-child\" data-index=\"28\" ><img width=\"200\" height=\"300\" src=\"https:\/\/lesrobines.fr\/wp-content\/uploads\/2020\/03\/14_Frederick_GRARE-200x300.jpg\" class=\"image wp-image-1337  attachment-medium size-medium\" alt=\"14_Frederick_GRARE\" decoding=\"async\" loading=\"lazy\" style=\"max-width: 100%; height: auto;\" srcset=\"https:\/\/lesrobines.fr\/wp-content\/uploads\/2020\/03\/14_Frederick_GRARE-200x300.jpg 200w, https:\/\/lesrobines.fr\/wp-content\/uploads\/2020\/03\/14_Frederick_GRARE.jpg 400w\" sizes=\"(max-width: 200px) 100vw, 200px\" \/><\/div><\/div><div id=\"pgc-836-15-1\"  class=\"panel-grid-cell\" ><div id=\"panel-836-15-1-0\" class=\"widget_text so-panel widget widget_custom_html panel-first-child panel-last-child\" data-index=\"29\" ><div class=\"textwidget custom-html-widget\"><body>\n<big style=\"color: rgb(232, 110, 112);\"><big\n style=\"font-family: Arial; font-weight: bold;\">\nFr\u00e9d\u00e9rick GRARE\n<\/big><span style=\"font-family: Arial; font-style: italic;\"><\/span><\/big><br>\n<big><span style=\"font-family: Arial;\">\nM\u00e9decin,44 ans\n<br>\n<\/span><span style=\"font-family: Arial; font-style: italic;\"><\/span><\/big>\n<blockquote>\n<span\n style=\"font-family: Arial,sans-serif;\"\n ;style=\"font-size: medium;\"><i>\nMa ville, Ma Plan\u00e8te. Face au d\u00e9sastre \u00e9cologique auquel nous devons faire face, j'ai d\u00e9cid\u00e9 de rejoindre les Robin.e.s afin de porter un projet \u00e9cologique et solidaire pour la ville de Narbonne. \n\t\n  <\/i><\/span>\n<\/blockquote>\n<\/body>\n<\/div><\/div><\/div><\/div><div id=\"pg-836-16\"  class=\"panel-grid panel-no-style\" ><div id=\"pgc-836-16-0\"  class=\"panel-grid-cell\" ><div id=\"panel-836-16-0-0\" class=\"so-panel widget widget_media_image panel-first-child panel-last-child\" data-index=\"30\" ><img width=\"200\" height=\"300\" src=\"https:\/\/lesrobines.fr\/wp-content\/uploads\/2020\/03\/15_Annick_JAHAN-200x300.jpg\" class=\"image wp-image-1338  attachment-medium size-medium\" alt=\"15_Annick_JAHAN\" decoding=\"async\" loading=\"lazy\" style=\"max-width: 100%; height: auto;\" srcset=\"https:\/\/lesrobines.fr\/wp-content\/uploads\/2020\/03\/15_Annick_JAHAN-200x300.jpg 200w, https:\/\/lesrobines.fr\/wp-content\/uploads\/2020\/03\/15_Annick_JAHAN.jpg 400w\" sizes=\"(max-width: 200px) 100vw, 200px\" \/><\/div><\/div><div id=\"pgc-836-16-1\"  class=\"panel-grid-cell\" ><div id=\"panel-836-16-1-0\" class=\"widget_text so-panel widget widget_custom_html panel-first-child panel-last-child\" data-index=\"31\" ><div class=\"textwidget custom-html-widget\"><body>\n<big style=\"color: rgb(84, 172, 156);\"><big\n style=\"font-family: Arial; font-weight: bold;\">\nAnnick JAHAN\n<\/big><span style=\"font-family: Arial; font-style: italic;\"><\/span><\/big><br>\n<big><span style=\"font-family: Arial;\">\nConseill\u00e8re Habitat retrait\u00e9e, 65 ans\n<br>\n<\/span><span style=\"font-family: Arial; font-style: italic;\"><\/span><\/big>\n<blockquote>\n<span\n style=\"font-family: Arial,sans-serif;\"\n ;style=\"font-size: medium;\"><i>\nLe changement climatique n\u2019est plus une abstraction. A Narbonne, il affecte d\u00e9j\u00e0 nos vies et notre environnement. Une gouvernance \u00e9cologiste \u00e0 Narbonne ouvrira la voie aux moyens de contraindre les effets n\u00e9gatifs et de proposer un mieux \u00eatre \u00e0 tou.te.s. C\u2019est urgent de voter Les Robin.e.s, maintenant et pour l\u2019avenir.\n<\/i><\/span>\n<\/blockquote>\n<\/body><\/div><\/div><\/div><\/div><div id=\"pg-836-17\"  class=\"panel-grid panel-no-style\" ><div id=\"pgc-836-17-0\"  class=\"panel-grid-cell\" ><div id=\"panel-836-17-0-0\" class=\"so-panel widget widget_media_image panel-first-child panel-last-child\" data-index=\"32\" ><img width=\"200\" height=\"300\" src=\"https:\/\/lesrobines.fr\/wp-content\/uploads\/2020\/03\/16_Michel_HENON-200x300.jpg\" class=\"image wp-image-1339  attachment-medium size-medium\" alt=\"16_Michel_HENON\" decoding=\"async\" loading=\"lazy\" style=\"max-width: 100%; height: auto;\" srcset=\"https:\/\/lesrobines.fr\/wp-content\/uploads\/2020\/03\/16_Michel_HENON-200x300.jpg 200w, https:\/\/lesrobines.fr\/wp-content\/uploads\/2020\/03\/16_Michel_HENON.jpg 400w\" sizes=\"(max-width: 200px) 100vw, 200px\" \/><\/div><\/div><div id=\"pgc-836-17-1\"  class=\"panel-grid-cell\" ><div id=\"panel-836-17-1-0\" class=\"widget_text so-panel widget widget_custom_html panel-first-child panel-last-child\" data-index=\"33\" ><div class=\"textwidget custom-html-widget\"><body>\n<big style=\"color: rgb(232, 110, 112);\"><big\n style=\"font-family: Arial; font-weight: bold;\">\nMichel HENON\n<\/big><span style=\"font-family: Arial; font-style: italic;\"><\/span><\/big><br>\n<big><span style=\"font-family: Arial;\">\nEconomiste de la construction, 53 ans\n<br>\n<\/span><span style=\"font-family: Arial; font-style: italic;\"><\/span><\/big>\n<blockquote>\n<span\n style=\"font-family: Arial,sans-serif;\"\n ;style=\"font-size: medium;\"><i>\nJe m'engage et soutiens Viviane Thivent parce que je crois en son projet pour la ville de Narbonne et pour ses valeurs, sa force de caract\u00e8re, son \u00e9coute et son enthousiasme. J'ai senti chez elle le m\u00eame amour que moi pour Narbonne et pour le demain de nos enfants.  \n\t\n  <\/i><\/span>\n<\/blockquote>\n<\/body>\n<\/div><\/div><\/div><\/div><div id=\"pg-836-18\"  class=\"panel-grid panel-no-style\" ><div id=\"pgc-836-18-0\"  class=\"panel-grid-cell\" ><div id=\"panel-836-18-0-0\" class=\"so-panel widget widget_media_image panel-first-child panel-last-child\" data-index=\"34\" ><a href=\"https:\/\/youtu.be\/jfgKU1sZnP8\"><img width=\"200\" height=\"300\" src=\"https:\/\/lesrobines.fr\/wp-content\/uploads\/2020\/03\/17_Aure_NOZERAN-200x300.jpg\" class=\"image wp-image-1340  attachment-medium size-medium\" alt=\"17_Aure_NOZERAN\" decoding=\"async\" loading=\"lazy\" style=\"max-width: 100%; height: auto;\" srcset=\"https:\/\/lesrobines.fr\/wp-content\/uploads\/2020\/03\/17_Aure_NOZERAN-200x300.jpg 200w, https:\/\/lesrobines.fr\/wp-content\/uploads\/2020\/03\/17_Aure_NOZERAN.jpg 400w\" sizes=\"(max-width: 200px) 100vw, 200px\" \/><\/a><\/div><\/div><div id=\"pgc-836-18-1\"  class=\"panel-grid-cell\" ><div id=\"panel-836-18-1-0\" class=\"widget_text so-panel widget widget_custom_html panel-first-child panel-last-child\" data-index=\"35\" ><div class=\"textwidget custom-html-widget\"><body>\n<big style=\"color: rgb(84, 172, 156);\"><big\n style=\"font-family: Arial; font-weight: bold;\">\nAure NOZERAN\n<\/big><span style=\"font-family: Arial; font-style: italic;\"><\/span><\/big><br>\n<big><span style=\"font-family: Arial;\">\nMasseur Kin\u00e9sith\u00e9rapeute, 30 ans\n<br>\n<\/span><span style=\"font-family: Arial; font-style: italic;\"><\/span><\/big>\n<blockquote>\n<span\n style=\"font-family: Arial,sans-serif;\"\n ;style=\"font-size: medium;\"><i>\nCette fa\u00e7on diff\u00e9rente et honn\u00eate de voir la politique d'une municipalit\u00e9 tout en privil\u00e9giant l'Ecologie et la solidarit\u00e9 m'a compl\u00e8tement s\u00e9duite.\n<\/i><\/span>\n<\/blockquote>\n<\/body><\/div><\/div><\/div><\/div><div id=\"pg-836-19\"  class=\"panel-grid panel-no-style\" ><div id=\"pgc-836-19-0\"  class=\"panel-grid-cell\" ><div id=\"panel-836-19-0-0\" class=\"so-panel widget widget_media_image panel-first-child panel-last-child\" data-index=\"36\" ><img width=\"200\" height=\"300\" src=\"https:\/\/lesrobines.fr\/wp-content\/uploads\/2020\/03\/18_Maxime_VERHAEGHE-200x300.jpg\" class=\"image wp-image-1341  attachment-medium size-medium\" alt=\"18_Maxime_VERHAEGHE\" decoding=\"async\" loading=\"lazy\" style=\"max-width: 100%; height: auto;\" srcset=\"https:\/\/lesrobines.fr\/wp-content\/uploads\/2020\/03\/18_Maxime_VERHAEGHE-200x300.jpg 200w, https:\/\/lesrobines.fr\/wp-content\/uploads\/2020\/03\/18_Maxime_VERHAEGHE.jpg 400w\" sizes=\"(max-width: 200px) 100vw, 200px\" \/><\/div><\/div><div id=\"pgc-836-19-1\"  class=\"panel-grid-cell\" ><div id=\"panel-836-19-1-0\" class=\"widget_text so-panel widget widget_custom_html panel-first-child panel-last-child\" data-index=\"37\" ><div class=\"textwidget custom-html-widget\"><body>\n<big style=\"color: rgb(232, 110, 112);\"><big\n style=\"font-family: Arial; font-weight: bold;\">\nMaxime VERHAEGHE\n<\/big><span style=\"font-family: Arial; font-style: italic;\"><\/span><\/big><br>\n<big><span style=\"font-family: Arial;\">\nComptable retrait\u00e9, 65 ans\n<br>\n<\/span><span style=\"font-family: Arial; font-style: italic;\"><\/span><\/big>\n<blockquote>\n<span\n style=\"font-family: Arial,sans-serif;\"\n ;style=\"font-size: medium;\"><i>\nFinissons avec tous les \u00ab \u00e9gos \u00bb Courrons avec les Robin.e.s tous \u00e9gaux ! \n\t\n  <\/i><\/span>\n<\/blockquote>\n<\/body>\n<\/div><\/div><\/div><\/div><div id=\"pg-836-20\"  class=\"panel-grid panel-no-style\" ><div id=\"pgc-836-20-0\"  class=\"panel-grid-cell\" ><div id=\"panel-836-20-0-0\" class=\"so-panel widget widget_media_image panel-first-child panel-last-child\" data-index=\"38\" ><img width=\"200\" height=\"300\" src=\"https:\/\/lesrobines.fr\/wp-content\/uploads\/2020\/03\/19_Anne_JUNGES-200x300.jpg\" class=\"image wp-image-1342  attachment-medium size-medium\" alt=\"19_Anne_JUNGES\" decoding=\"async\" loading=\"lazy\" style=\"max-width: 100%; height: auto;\" srcset=\"https:\/\/lesrobines.fr\/wp-content\/uploads\/2020\/03\/19_Anne_JUNGES-200x300.jpg 200w, https:\/\/lesrobines.fr\/wp-content\/uploads\/2020\/03\/19_Anne_JUNGES.jpg 400w\" sizes=\"(max-width: 200px) 100vw, 200px\" \/><\/div><\/div><div id=\"pgc-836-20-1\"  class=\"panel-grid-cell\" ><div id=\"panel-836-20-1-0\" class=\"widget_text so-panel widget widget_custom_html panel-first-child panel-last-child\" data-index=\"39\" ><div class=\"textwidget custom-html-widget\"><body>\n<big style=\"color: rgb(84, 172, 156);\"><big\n style=\"font-family: Arial; font-weight: bold;\">\nAnne JUNGES\n<\/big><span style=\"font-family: Arial; font-style: italic;\"><\/span><\/big><br>\n<big><span style=\"font-family: Arial;\">\nProfesseur de Sciences de la vie et de la terre, 49 ans\n<br>\n<\/span><span style=\"font-family: Arial; font-style: italic;\"><\/span><\/big>\n<blockquote>\n<span\n style=\"font-family: Arial,sans-serif;\"\n ;style=\"font-size: medium;\"><i>\nAdh\u00e9rente \u00e0 l\u2019AMAP de Narbonne depuis plus de 10 ans, je suis depuis longtemps sensibilis\u00e9e aux probl\u00e8mes environnementaux. J\u2019ai \u00e9t\u00e9 imm\u00e9diatement s\u00e9duite par les propositions \u00e9cologiques ET sociales des Robines et mon engagement au sein de cette \u00e9quipe fut une \u00e9vidence !\n<\/i><\/span>\n<\/blockquote>\n<\/body><\/div><\/div><\/div><\/div><div id=\"pg-836-21\"  class=\"panel-grid panel-no-style\" ><div id=\"pgc-836-21-0\"  class=\"panel-grid-cell\" ><div id=\"panel-836-21-0-0\" class=\"so-panel widget widget_media_image panel-first-child panel-last-child\" data-index=\"40\" ><img width=\"200\" height=\"300\" src=\"https:\/\/lesrobines.fr\/wp-content\/uploads\/2020\/03\/20_Bernard_VERDOUX-200x300.jpg\" class=\"image wp-image-1343  attachment-medium size-medium\" alt=\"20_Bernard_VERDOUX\" decoding=\"async\" loading=\"lazy\" style=\"max-width: 100%; height: auto;\" srcset=\"https:\/\/lesrobines.fr\/wp-content\/uploads\/2020\/03\/20_Bernard_VERDOUX-200x300.jpg 200w, https:\/\/lesrobines.fr\/wp-content\/uploads\/2020\/03\/20_Bernard_VERDOUX.jpg 400w\" sizes=\"(max-width: 200px) 100vw, 200px\" \/><\/div><\/div><div id=\"pgc-836-21-1\"  class=\"panel-grid-cell\" ><div id=\"panel-836-21-1-0\" class=\"widget_text so-panel widget widget_custom_html panel-first-child panel-last-child\" data-index=\"41\" ><div class=\"textwidget custom-html-widget\"><body>\n<big style=\"color: rgb(232, 110, 112);\"><big\n style=\"font-family: Arial; font-weight: bold;\">\nBernard VERDOUX\n<\/big><span style=\"font-family: Arial; font-style: italic;\"><\/span><\/big><br>\n<big><span style=\"font-family: Arial;\">\nM\u00e9decin Acupuncteur retrait\u00e9, 68 ans\n<br>\n<\/span><span style=\"font-family: Arial; font-style: italic;\"><\/span><\/big>\n<blockquote>\n<span\n style=\"font-family: Arial,sans-serif;\"\n ;style=\"font-size: medium;\"><i>\nA Narbonne plus particuli\u00e8rement la pollution des sols et l\u2019industrie nucl\u00e9aire nous menacent. Choisir Les ROBIN.ES c\u2019est s\u2019assurer d\u2019un engagement authentique, sinc\u00e8re, innovant mais rigoureux, d\u00e9sint\u00e9ress\u00e9 et au service de toutes les classes sociales de la ville.  \n\t\n  <\/i><\/span>\n<\/blockquote>\n<\/body>\n<\/div><\/div><\/div><\/div><div id=\"pg-836-22\"  class=\"panel-grid panel-no-style\" ><div id=\"pgc-836-22-0\"  class=\"panel-grid-cell\" ><div id=\"panel-836-22-0-0\" class=\"so-panel widget widget_media_image panel-first-child panel-last-child\" data-index=\"42\" ><img width=\"200\" height=\"300\" src=\"https:\/\/lesrobines.fr\/wp-content\/uploads\/2020\/03\/21_Eloise_GARCIN-200x300.jpg\" class=\"image wp-image-1344  attachment-medium size-medium\" alt=\"21_Eloise_GARCIN\" decoding=\"async\" loading=\"lazy\" style=\"max-width: 100%; height: auto;\" srcset=\"https:\/\/lesrobines.fr\/wp-content\/uploads\/2020\/03\/21_Eloise_GARCIN-200x300.jpg 200w, https:\/\/lesrobines.fr\/wp-content\/uploads\/2020\/03\/21_Eloise_GARCIN.jpg 400w\" sizes=\"(max-width: 200px) 100vw, 200px\" \/><\/div><\/div><div id=\"pgc-836-22-1\"  class=\"panel-grid-cell\" ><div id=\"panel-836-22-1-0\" class=\"widget_text so-panel widget widget_custom_html panel-first-child panel-last-child\" data-index=\"43\" ><div class=\"textwidget custom-html-widget\"><body>\n<big style=\"color: rgb(84, 172, 156);\"><big\n style=\"font-family: Arial; font-weight: bold;\">\nEloise GARCIN\n<\/big><span style=\"font-family: Arial; font-style: italic;\"><\/span><\/big><br>\n<big><span style=\"font-family: Arial;\">\nOrthophoniste, 38 ans\n<br>\n<\/span><span style=\"font-family: Arial; font-style: italic;\"><\/span><\/big>\n<blockquote>\n<span\n style=\"font-family: Arial,sans-serif;\"\n ;style=\"font-size: medium;\"><i>\nLe point central de mon engagement avec les Robin.e.s est le d\u00e9veloppement de la mobilit\u00e9 douce. Narbonne est une cit\u00e9 id\u00e9ale pour se d\u00e9placer \u00e0 v\u00e9lo. Les Robin.e.s vont mettre en place un plan de circulation qui permettra ce changement simple et efficace pour r\u00e9duire notre impact environnemental.\n<\/i><\/span>\n<\/blockquote>\n<\/body><\/div><\/div><\/div><\/div><div id=\"pg-836-23\"  class=\"panel-grid panel-no-style\" ><div id=\"pgc-836-23-0\"  class=\"panel-grid-cell\" ><div id=\"panel-836-23-0-0\" class=\"so-panel widget widget_media_image panel-first-child panel-last-child\" data-index=\"44\" ><img width=\"200\" height=\"300\" src=\"https:\/\/lesrobines.fr\/wp-content\/uploads\/2020\/03\/22_bruno_DE_MONTAIGNE-200x300.jpg\" class=\"image wp-image-1345  attachment-medium size-medium\" alt=\"22_bruno_DE_MONTAIGNE\" decoding=\"async\" loading=\"lazy\" style=\"max-width: 100%; height: auto;\" srcset=\"https:\/\/lesrobines.fr\/wp-content\/uploads\/2020\/03\/22_bruno_DE_MONTAIGNE-200x300.jpg 200w, https:\/\/lesrobines.fr\/wp-content\/uploads\/2020\/03\/22_bruno_DE_MONTAIGNE.jpg 400w\" sizes=\"(max-width: 200px) 100vw, 200px\" \/><\/div><\/div><div id=\"pgc-836-23-1\"  class=\"panel-grid-cell\" ><div id=\"panel-836-23-1-0\" class=\"widget_text so-panel widget widget_custom_html panel-first-child panel-last-child\" data-index=\"45\" ><div class=\"textwidget custom-html-widget\"><body>\n<big style=\"color: rgb(232, 110, 112);\"><big\n style=\"font-family: Arial; font-weight: bold;\">\nBruno DE MONTAIGNE\n<\/big><span style=\"font-family: Arial; font-style: italic;\"><\/span><\/big><br>\n<big><span style=\"font-family: Arial;\">\nConseiller Principal d'Education, 43 ans\n<br>\n<\/span><span style=\"font-family: Arial; font-style: italic;\"><\/span><\/big>\n<blockquote>\n<span\n style=\"font-family: Arial,sans-serif;\"\n ;style=\"font-size: medium;\"><i>\n\"Sois la lame de la petite herbe et tu seras plus grand que l'axe de l'Univers\" Attila Jozsef, po\u00e8te hongrois, d\u00e9but du XXe si\u00e8cle. \n\t\n  <\/i><\/span>\n<\/blockquote>\n<\/body>\n<\/div><\/div><\/div><\/div><div id=\"pg-836-24\"  class=\"panel-grid panel-no-style\" ><div id=\"pgc-836-24-0\"  class=\"panel-grid-cell\" ><div id=\"panel-836-24-0-0\" class=\"so-panel widget widget_media_image panel-first-child panel-last-child\" data-index=\"46\" ><img width=\"200\" height=\"300\" src=\"https:\/\/lesrobines.fr\/wp-content\/uploads\/2020\/03\/23_Jeanine_LAVIGNE-200x300.jpg\" class=\"image wp-image-1346  attachment-medium size-medium\" alt=\"23_Jeanine_LAVIGNE\" decoding=\"async\" loading=\"lazy\" style=\"max-width: 100%; height: auto;\" srcset=\"https:\/\/lesrobines.fr\/wp-content\/uploads\/2020\/03\/23_Jeanine_LAVIGNE-200x300.jpg 200w, https:\/\/lesrobines.fr\/wp-content\/uploads\/2020\/03\/23_Jeanine_LAVIGNE.jpg 400w\" sizes=\"(max-width: 200px) 100vw, 200px\" \/><\/div><\/div><div id=\"pgc-836-24-1\"  class=\"panel-grid-cell\" ><div id=\"panel-836-24-1-0\" class=\"widget_text so-panel widget widget_custom_html panel-first-child panel-last-child\" data-index=\"47\" ><div class=\"textwidget custom-html-widget\"><body>\n<big style=\"color: rgb(84, 172, 156);\"><big\n style=\"font-family: Arial; font-weight: bold;\">\nJeanine LAVIGNE\n<\/big><span style=\"font-family: Arial; font-style: italic;\"><\/span><\/big><br>\n<big><span style=\"font-family: Arial;\">\nR\u00e9dacteur territorial retrait\u00e9e, 70 ans\n<br>\n<\/span><span style=\"font-family: Arial; font-style: italic;\"><\/span><\/big>\n<blockquote>\n<span\n style=\"font-family: Arial,sans-serif;\"\n ;style=\"font-size: medium;\"><i>\nJ'ai rejoint les Robin.e.s car lorsquon aime les animaux, la nature, les hommes et la plan\u00e8te, il faut en prendre soin. C'est pourquoi avec les Robin.e.s, un peu va devenir beaucoup et les choses vont changer enfin. \n<\/i><\/span>\n<\/blockquote>\n<\/body><\/div><\/div><\/div><\/div><div id=\"pg-836-25\"  class=\"panel-grid panel-no-style\" ><div id=\"pgc-836-25-0\"  class=\"panel-grid-cell\" ><div id=\"panel-836-25-0-0\" class=\"so-panel widget widget_media_image panel-first-child panel-last-child\" data-index=\"48\" ><img width=\"200\" height=\"300\" src=\"https:\/\/lesrobines.fr\/wp-content\/uploads\/2020\/03\/24_Cyril_BLANC-200x300.jpg\" class=\"image wp-image-1347  attachment-medium size-medium\" alt=\"24_Cyril_BLANC\" decoding=\"async\" loading=\"lazy\" style=\"max-width: 100%; height: auto;\" srcset=\"https:\/\/lesrobines.fr\/wp-content\/uploads\/2020\/03\/24_Cyril_BLANC-200x300.jpg 200w, https:\/\/lesrobines.fr\/wp-content\/uploads\/2020\/03\/24_Cyril_BLANC.jpg 400w\" sizes=\"(max-width: 200px) 100vw, 200px\" \/><\/div><\/div><div id=\"pgc-836-25-1\"  class=\"panel-grid-cell\" ><div id=\"panel-836-25-1-0\" class=\"widget_text so-panel widget widget_custom_html panel-first-child panel-last-child\" data-index=\"49\" ><div class=\"textwidget custom-html-widget\"><body>\n<big style=\"color: rgb(232, 110, 112);\"><big\n style=\"font-family: Arial; font-weight: bold;\">\nCyril BLANC\n<\/big><span style=\"font-family: Arial; font-style: italic;\"><\/span><\/big><br>\n<big><span style=\"font-family: Arial;\">\nOuvrier qualifi\u00e9 de la manutention, 41 ans\n<br>\n<\/span><span style=\"font-family: Arial; font-style: italic;\"><\/span><\/big>\n<blockquote>\n<span\n style=\"font-family: Arial,sans-serif;\"\n ;style=\"font-size: medium;\"><i>\nJe m'engage avec les Robin.e.s parce que c'est une \u00e9quipe dynamique et \u00e9clectique qui est tourn\u00e9e, certainement comme vous et moi, vers l'environnement avec le respect de la nature, sa biodiversit\u00e9, l'\u00e9conomie et l'humain dans notre belle ville antique de Narbonne et Narbonne plage, ensemble pour un bel avenir.\n\t\n  <\/i><\/span>\n<\/blockquote>\n<\/body>\n<\/div><\/div><\/div><\/div><div id=\"pg-836-26\"  class=\"panel-grid panel-no-style\" ><div id=\"pgc-836-26-0\"  class=\"panel-grid-cell\" ><div id=\"panel-836-26-0-0\" class=\"so-panel widget widget_media_image panel-first-child panel-last-child\" data-index=\"50\" ><img width=\"200\" height=\"300\" src=\"https:\/\/lesrobines.fr\/wp-content\/uploads\/2020\/03\/25_Catherine_THOMAS-200x300.jpg\" class=\"image wp-image-1348  attachment-medium size-medium\" alt=\"25_Catherine_THOMAS\" decoding=\"async\" loading=\"lazy\" style=\"max-width: 100%; height: auto;\" srcset=\"https:\/\/lesrobines.fr\/wp-content\/uploads\/2020\/03\/25_Catherine_THOMAS-200x300.jpg 200w, https:\/\/lesrobines.fr\/wp-content\/uploads\/2020\/03\/25_Catherine_THOMAS.jpg 400w\" sizes=\"(max-width: 200px) 100vw, 200px\" \/><\/div><\/div><div id=\"pgc-836-26-1\"  class=\"panel-grid-cell\" ><div id=\"panel-836-26-1-0\" class=\"widget_text so-panel widget widget_custom_html panel-first-child panel-last-child\" data-index=\"51\" ><div class=\"textwidget custom-html-widget\"><body>\n<big style=\"color: rgb(84, 172, 156);\"><big\n style=\"font-family: Arial; font-weight: bold;\">\nCatherine THOMAS\n<\/big><span style=\"font-family: Arial; font-style: italic;\"><\/span><\/big><br>\n<big><span style=\"font-family: Arial;\">\nInfirmi\u00e8re lib\u00e9rale retrait\u00e9e, 66 ans\n<br>\n<\/span><span style=\"font-family: Arial; font-style: italic;\"><\/span><\/big>\n<blockquote>\n<span\n style=\"font-family: Arial,sans-serif;\"\n ;style=\"font-size: medium;\">Engag\u00e9e depuis toujours dans la d\u00e9fense de ma professione et surtout de l'\u00e9cologie, faire partie de la liste des Robin.e.s aujourd'hui me permettra de mettre mes comp\u00e9tences au service de Narbonne afin qu'elle reste cette ville o\u00f9 il fait bon vivre et RESPIRER. Nul ne peut dire qu'il n'y a pas urgence \u00e0 s'investir tou.te.s pour l'Ecologie.<i>\n\n<\/i><\/span>\n<\/blockquote>\n<\/body><\/div><\/div><\/div><\/div><div id=\"pg-836-27\"  class=\"panel-grid panel-no-style\" ><div id=\"pgc-836-27-0\"  class=\"panel-grid-cell\" ><div id=\"panel-836-27-0-0\" class=\"so-panel widget widget_media_image panel-first-child panel-last-child\" data-index=\"52\" ><img width=\"200\" height=\"300\" src=\"https:\/\/lesrobines.fr\/wp-content\/uploads\/2020\/03\/26_Julien_BALLUAIS-200x300.jpg\" class=\"image wp-image-1349  attachment-medium size-medium\" alt=\"26_Julien_BALLUAIS\" decoding=\"async\" loading=\"lazy\" style=\"max-width: 100%; height: auto;\" srcset=\"https:\/\/lesrobines.fr\/wp-content\/uploads\/2020\/03\/26_Julien_BALLUAIS-200x300.jpg 200w, https:\/\/lesrobines.fr\/wp-content\/uploads\/2020\/03\/26_Julien_BALLUAIS.jpg 400w\" sizes=\"(max-width: 200px) 100vw, 200px\" \/><\/div><\/div><div id=\"pgc-836-27-1\"  class=\"panel-grid-cell\" ><div id=\"panel-836-27-1-0\" class=\"widget_text so-panel widget widget_custom_html panel-first-child panel-last-child\" data-index=\"53\" ><div class=\"textwidget custom-html-widget\"><body>\n<big style=\"color: rgb(232, 110, 112);\"><big\n style=\"font-family: Arial; font-weight: bold;\">\nJulien BALLUAIS\n<\/big><span style=\"font-family: Arial; font-style: italic;\"><\/span><\/big><br>\n<big><span style=\"font-family: Arial;\">\nVigneron, 36 ans\n<br>\n<\/span><span style=\"font-family: Arial; font-style: italic;\"><\/span><\/big>\n<blockquote>\n<span\n style=\"font-family: Arial,sans-serif;\"\n ;style=\"font-size: medium;\"><i>\n\u00ab Pour que la r\u00e9ponse aux difficult\u00e9s de notre \u00e9poque se fasse avec douceur et d\u00e9termination et que cette r\u00e9ponse nous apporte plus de liens et de sens \u00e0 nos vies, je m\u2019engage aupr\u00e8s des Robin.e.s \u00bb\n\t\n  <\/i><\/span>\n<\/blockquote>\n<\/body>\n<\/div><\/div><\/div><\/div><div id=\"pg-836-28\"  class=\"panel-grid panel-no-style\" ><div id=\"pgc-836-28-0\"  class=\"panel-grid-cell\" ><div id=\"panel-836-28-0-0\" class=\"so-panel widget widget_media_image panel-first-child panel-last-child\" data-index=\"54\" ><img width=\"200\" height=\"300\" src=\"https:\/\/lesrobines.fr\/wp-content\/uploads\/2020\/03\/27_Claude_BAULERY-200x300.jpg\" class=\"image wp-image-1350  attachment-medium size-medium\" alt=\"27_Claude_BAULERY\" decoding=\"async\" loading=\"lazy\" style=\"max-width: 100%; height: auto;\" srcset=\"https:\/\/lesrobines.fr\/wp-content\/uploads\/2020\/03\/27_Claude_BAULERY-200x300.jpg 200w, https:\/\/lesrobines.fr\/wp-content\/uploads\/2020\/03\/27_Claude_BAULERY.jpg 400w\" sizes=\"(max-width: 200px) 100vw, 200px\" \/><\/div><\/div><div id=\"pgc-836-28-1\"  class=\"panel-grid-cell\" ><div id=\"panel-836-28-1-0\" class=\"widget_text so-panel widget widget_custom_html panel-first-child panel-last-child\" data-index=\"55\" ><div class=\"textwidget custom-html-widget\"><body>\n<big style=\"color: rgb(84, 172, 156);\"><big\n style=\"font-family: Arial; font-weight: bold;\">\nClaude BAULERY\n<\/big><span style=\"font-family: Arial; font-style: italic;\"><\/span><\/big><br>\n<big><span style=\"font-family: Arial;\">\nGaleriste, 48 ans\n<br>\n<\/span><span style=\"font-family: Arial; font-style: italic;\"><\/span><\/big>\n<blockquote>\n<span\n style=\"font-family: Arial,sans-serif;\"\n ;style=\"font-size: medium;\"><i>\nJe m'engage avec les Robin.e.s pour son programme d'anticipation, de vie, de protection et de cr\u00e9ation. Un \u00e9cosyst\u00e8me indispensable \u00e0 l'\u00e9panouissement de la ville de Narbonne. \n<\/i><\/span>\n<\/blockquote>\n<\/body><\/div><\/div><\/div><\/div><div id=\"pg-836-29\"  class=\"panel-grid panel-no-style\" ><div id=\"pgc-836-29-0\"  class=\"panel-grid-cell\" ><div id=\"panel-836-29-0-0\" class=\"so-panel widget widget_media_image panel-first-child panel-last-child\" data-index=\"56\" ><img width=\"200\" height=\"300\" src=\"https:\/\/lesrobines.fr\/wp-content\/uploads\/2020\/03\/28_Baptiste_LOGEAIS-200x300.jpg\" class=\"image wp-image-1351  attachment-medium size-medium\" alt=\"28_Baptiste_LOGEAIS\" decoding=\"async\" loading=\"lazy\" style=\"max-width: 100%; height: auto;\" srcset=\"https:\/\/lesrobines.fr\/wp-content\/uploads\/2020\/03\/28_Baptiste_LOGEAIS-200x300.jpg 200w, https:\/\/lesrobines.fr\/wp-content\/uploads\/2020\/03\/28_Baptiste_LOGEAIS.jpg 400w\" sizes=\"(max-width: 200px) 100vw, 200px\" \/><\/div><\/div><div id=\"pgc-836-29-1\"  class=\"panel-grid-cell\" ><div id=\"panel-836-29-1-0\" class=\"widget_text so-panel widget widget_custom_html panel-first-child panel-last-child\" data-index=\"57\" ><div class=\"textwidget custom-html-widget\"><body>\n<big style=\"color: rgb(232, 110, 112);\"><big\n style=\"font-family: Arial; font-weight: bold;\">\nBaptiste LOGEAIS\n<\/big><span style=\"font-family: Arial; font-style: italic;\"><\/span><\/big><br>\n<big><span style=\"font-family: Arial;\">\nMenuisier, 32 ans\n<br>\n<\/span><span style=\"font-family: Arial; font-style: italic;\"><\/span><\/big>\n<blockquote>\n<span\n style=\"font-family: Arial,sans-serif;\"\n ;style=\"font-size: medium;\"><i>\nJe m\u2019investis aupr\u00e8s des Robin.e.s pour qu\u2019un projet \u00e9cologique sans concession soit men\u00e9 \u00e0 Narbonne, permettant d\u2019am\u00e9liorer le cadre de vie de toutes et tous ainsi que la qualit\u00e9 de l\u2019environnement.\n\t\n  <\/i><\/span>\n<\/blockquote>\n<\/body>\n<\/div><\/div><\/div><\/div><div id=\"pg-836-30\"  class=\"panel-grid panel-no-style\" ><div id=\"pgc-836-30-0\"  class=\"panel-grid-cell\" ><div id=\"panel-836-30-0-0\" class=\"so-panel widget widget_media_image panel-first-child panel-last-child\" data-index=\"58\" ><img width=\"200\" height=\"300\" src=\"https:\/\/lesrobines.fr\/wp-content\/uploads\/2020\/03\/29_Raymonde_MILLAN-200x300.jpg\" class=\"image wp-image-1352  attachment-medium size-medium\" alt=\"29_Raymonde_MILLAN\" decoding=\"async\" loading=\"lazy\" style=\"max-width: 100%; height: auto;\" srcset=\"https:\/\/lesrobines.fr\/wp-content\/uploads\/2020\/03\/29_Raymonde_MILLAN-200x300.jpg 200w, https:\/\/lesrobines.fr\/wp-content\/uploads\/2020\/03\/29_Raymonde_MILLAN.jpg 400w\" sizes=\"(max-width: 200px) 100vw, 200px\" \/><\/div><\/div><div id=\"pgc-836-30-1\"  class=\"panel-grid-cell\" ><div id=\"panel-836-30-1-0\" class=\"widget_text so-panel widget widget_custom_html panel-first-child panel-last-child\" data-index=\"59\" ><div class=\"textwidget custom-html-widget\"><body>\n<big style=\"color: rgb(84, 172, 156);\"><big\n style=\"font-family: Arial; font-weight: bold;\">\nRaymonde MILLAN\n<\/big><span style=\"font-family: Arial; font-style: italic;\"><\/span><\/big><br>\n<big><span style=\"font-family: Arial;\">\nEmploy\u00e9e France T\u00e9l\u00e9com retrait\u00e9e, 70 ans\n<br>\n<\/span><span style=\"font-family: Arial; font-style: italic;\"><\/span><\/big>\n<blockquote>\n<span\n style=\"font-family: Arial,sans-serif;\"\n ;style=\"font-size: medium;\"><i>\n\u00ab Le d\u00e9fi environnemental et humain que nous vivons nous concerne et nous touche tou.te.s. Cet enjeu doit \u00eatre port\u00e9 par des personnes honn\u00eates, sinc\u00e8res, vraies et DESINTERESSEES comme les Robin.e.s. \u00bb \n<\/i><\/span>\n<\/blockquote>\n<\/body><\/div><\/div><\/div><\/div><div id=\"pg-836-31\"  class=\"panel-grid panel-no-style\" ><div id=\"pgc-836-31-0\"  class=\"panel-grid-cell\" ><div id=\"panel-836-31-0-0\" class=\"so-panel widget widget_media_image panel-first-child panel-last-child\" data-index=\"60\" ><img width=\"200\" height=\"300\" src=\"https:\/\/lesrobines.fr\/wp-content\/uploads\/2020\/03\/30_Christophe_BOYER-200x300.jpg\" class=\"image wp-image-1353  attachment-medium size-medium\" alt=\"30_Christophe_BOYER\" decoding=\"async\" loading=\"lazy\" style=\"max-width: 100%; height: auto;\" srcset=\"https:\/\/lesrobines.fr\/wp-content\/uploads\/2020\/03\/30_Christophe_BOYER-200x300.jpg 200w, https:\/\/lesrobines.fr\/wp-content\/uploads\/2020\/03\/30_Christophe_BOYER.jpg 400w\" sizes=\"(max-width: 200px) 100vw, 200px\" \/><\/div><\/div><div id=\"pgc-836-31-1\"  class=\"panel-grid-cell\" ><div id=\"panel-836-31-1-0\" class=\"widget_text so-panel widget widget_custom_html panel-first-child panel-last-child\" data-index=\"61\" ><div class=\"textwidget custom-html-widget\"><body>\n<big style=\"color: rgb(232, 110, 112);\"><big\n style=\"font-family: Arial; font-weight: bold;\">\nChristophe BOYER\n<\/big><span style=\"font-family: Arial; font-style: italic;\"><\/span><\/big><br>\n<big><span style=\"font-family: Arial;\">\nOenologue, 43 ans\n<br>\n<\/span><span style=\"font-family: Arial; font-style: italic;\"><\/span><\/big>\n<blockquote>\n<span\n style=\"font-family: Arial,sans-serif;\"\n ;style=\"font-size: medium;\"><i>\n\u0152nologue, je suis tous les jours en contact avec la nature et des entreprises soucieuses de pr\u00e9server l\u2019environnement. Pour nos enfants, nous devons privil\u00e9gier une alimentation bio et locale \u00e0 la cantine et d\u00e9velopper les zones agricoles n\u00e9cessaires. C\u2019est le sens de mon engagement pour les Robin.e.s\n\t\n  <\/i><\/span>\n<\/blockquote>\n<\/body>\n<\/div><\/div><\/div><\/div><div id=\"pg-836-32\"  class=\"panel-grid panel-no-style\" ><div id=\"pgc-836-32-0\"  class=\"panel-grid-cell\" ><div id=\"panel-836-32-0-0\" class=\"so-panel widget widget_media_image panel-first-child panel-last-child\" data-index=\"62\" ><img width=\"200\" height=\"300\" src=\"https:\/\/lesrobines.fr\/wp-content\/uploads\/2020\/03\/31_Frederique_AUCOUTURIER-200x300.jpg\" class=\"image wp-image-1354  attachment-medium size-medium\" alt=\"31_Frederique_AUCOaUTURIER\" decoding=\"async\" loading=\"lazy\" style=\"max-width: 100%; height: auto;\" srcset=\"https:\/\/lesrobines.fr\/wp-content\/uploads\/2020\/03\/31_Frederique_AUCOUTURIER-200x300.jpg 200w, https:\/\/lesrobines.fr\/wp-content\/uploads\/2020\/03\/31_Frederique_AUCOUTURIER.jpg 400w\" sizes=\"(max-width: 200px) 100vw, 200px\" \/><\/div><\/div><div id=\"pgc-836-32-1\"  class=\"panel-grid-cell\" ><div id=\"panel-836-32-1-0\" class=\"widget_text so-panel widget widget_custom_html panel-first-child panel-last-child\" data-index=\"63\" ><div class=\"textwidget custom-html-widget\"><body>\n<big style=\"color: rgb(84, 172, 156);\"><big\n style=\"font-family: Arial; font-weight: bold;\">Fr\u00e9d\u00e9rique\nAUCOUTURIER\n<\/big><span style=\"font-family: Arial; font-style: italic;\"><\/span><\/big><br>\n<big><span style=\"font-family: Arial;\">\nM\u00e9decin - Praticien hospitalier, 50 ans\n<br>\n<\/span><span style=\"font-family: Arial; font-style: italic;\"><\/span><\/big>\n<blockquote><span style=\"font-family: Arial,sans-serif;\"\n ;style=\"font-size: medium;\"><i><span\n style=\"font-weight: bold;\">\nE<\/span> comme Ensemble - <span style=\"font-weight: bold;\">N<\/span>\ncomme Nouveau mod\u00e9le de politique citoyenne - <span\n style=\"font-weight: bold;\">G<\/span> comme Grandir =\nAutonomie, Responsabilit\u00e9s, Libert\u00e9s - <span\n style=\"font-weight: bold;\">A<\/span> comme Agir =\nActions , Cr\u00e9ations, Education - <span style=\"font-weight: bold;\">G<\/span>\ncomme Garantir = S\u00e9curit\u00e9 environnementale et affective pour tous - <span\n style=\"font-weight: bold;\">E<\/span> comme Etre et\nVivre ensemble, joyeusement, sereinement, simplement - <span\n style=\"font-weight: bold;\">M<\/span> comme Maintenant -\n  <span style=\"font-weight: bold;\">E<\/span> comme\nEnvie - <span style=\"font-weight: bold;\">N<\/span>\ncomme Nature - <span style=\"font-weight: bold;\">T<\/span>\ncomme Travail, collectivit\u00e9. <\/i><\/span>\n<\/blockquote>\n<\/body>\n<\/div><\/div><\/div><\/div><div id=\"pg-836-33\"  class=\"panel-grid panel-no-style\" ><div id=\"pgc-836-33-0\"  class=\"panel-grid-cell\" ><div id=\"panel-836-33-0-0\" class=\"so-panel widget widget_media_image panel-first-child panel-last-child\" data-index=\"64\" ><img width=\"200\" height=\"300\" src=\"https:\/\/lesrobines.fr\/wp-content\/uploads\/2020\/03\/32_Rapahael_POINT-DUMONT-200x300.jpg\" class=\"image wp-image-1355  attachment-medium size-medium\" alt=\"32_Rapahael_POINT-DUMONT\" decoding=\"async\" loading=\"lazy\" style=\"max-width: 100%; height: auto;\" srcset=\"https:\/\/lesrobines.fr\/wp-content\/uploads\/2020\/03\/32_Rapahael_POINT-DUMONT-200x300.jpg 200w, https:\/\/lesrobines.fr\/wp-content\/uploads\/2020\/03\/32_Rapahael_POINT-DUMONT.jpg 400w\" sizes=\"(max-width: 200px) 100vw, 200px\" \/><\/div><\/div><div id=\"pgc-836-33-1\"  class=\"panel-grid-cell\" ><div id=\"panel-836-33-1-0\" class=\"widget_text so-panel widget widget_custom_html panel-first-child panel-last-child\" data-index=\"65\" ><div class=\"textwidget custom-html-widget\"><body>\n<big style=\"color: rgb(232, 110, 112);\"><big\n style=\"font-family: Arial; font-weight: bold;\">\nRapha\u00ebl POINT-DUMONT\n<\/big><span style=\"font-family: Arial; font-style: italic;\"><\/span><\/big><br>\n<big><span style=\"font-family: Arial;\">\nP\u00e2tissier Chocolatier, 40 ans\n<br>\n<\/span><span style=\"font-family: Arial; font-style: italic;\"><\/span><\/big>\n<blockquote>\n<span\n style=\"font-family: Arial,sans-serif;\"\n ;style=\"font-size: medium;\"><i>\nJe souhaite le meilleur pour nos enfants, nous devons agir ici et maintenant. il est indispensable d acc\u00e9l\u00e9rer la transition, ensemble nous irons plus loin.\n\t\n  <\/i><\/span>\n<\/blockquote>\n<\/body>\n<\/div><\/div><\/div><\/div><div id=\"pg-836-34\"  class=\"panel-grid panel-no-style\" ><div id=\"pgc-836-34-0\"  class=\"panel-grid-cell\" ><div id=\"panel-836-34-0-0\" class=\"so-panel widget widget_media_image panel-first-child panel-last-child\" data-index=\"66\" ><img width=\"200\" height=\"300\" src=\"https:\/\/lesrobines.fr\/wp-content\/uploads\/2020\/03\/33_Magdalena_JARVIN-200x300.jpg\" class=\"image wp-image-1356  attachment-medium size-medium\" alt=\"33_Magdalena_JARVIN\" decoding=\"async\" loading=\"lazy\" style=\"max-width: 100%; height: auto;\" srcset=\"https:\/\/lesrobines.fr\/wp-content\/uploads\/2020\/03\/33_Magdalena_JARVIN-200x300.jpg 200w, https:\/\/lesrobines.fr\/wp-content\/uploads\/2020\/03\/33_Magdalena_JARVIN.jpg 400w\" sizes=\"(max-width: 200px) 100vw, 200px\" \/><\/div><\/div><div id=\"pgc-836-34-1\"  class=\"panel-grid-cell\" ><div id=\"panel-836-34-1-0\" class=\"widget_text so-panel widget widget_custom_html panel-first-child panel-last-child\" data-index=\"67\" ><div class=\"textwidget custom-html-widget\"><body>\n<big style=\"color: rgb(84, 172, 156);\"><big\n style=\"font-family: Arial; font-weight: bold;\">\nMagdalena JARVIN\n<\/big><span style=\"font-family: Arial; font-style: italic;\"><\/span><\/big><br>\n<big><span style=\"font-family: Arial;\">\nEthnologue, 46 ans\n<br>\n<\/span><span style=\"font-family: Arial; font-style: italic;\"><\/span><\/big>\n<blockquote>\n<span\n style=\"font-family: Arial,sans-serif;\"\n ;style=\"font-size: medium;\"><i>\nNotre environnement quotidien doit \u00eatre pens\u00e9 et agi par les gens qui l\u2019habitent. Il est temps de nous exprimer, nous les jeunes et moins jeunes, grand \/ parents ou pas encore, quelles que soient nos origines, citoyen.ne.s d\u2019ici et d\u2019ailleurs. Les Robin.e.s c\u2019est vous, c\u2019est nous ! \n<\/i><\/span>\n<\/blockquote>\n<\/body><\/div><\/div><\/div><\/div><div id=\"pg-836-35\"  class=\"panel-grid panel-no-style\" ><div id=\"pgc-836-35-0\"  class=\"panel-grid-cell\" ><div id=\"panel-836-35-0-0\" class=\"so-panel widget widget_media_image panel-first-child panel-last-child\" data-index=\"68\" ><img width=\"200\" height=\"300\" src=\"https:\/\/lesrobines.fr\/wp-content\/uploads\/2020\/03\/34_michel_LAVIGNE-200x300.jpg\" class=\"image wp-image-1357  attachment-medium size-medium\" alt=\"34_michel_LAVIGNE\" decoding=\"async\" loading=\"lazy\" style=\"max-width: 100%; height: auto;\" srcset=\"https:\/\/lesrobines.fr\/wp-content\/uploads\/2020\/03\/34_michel_LAVIGNE-200x300.jpg 200w, https:\/\/lesrobines.fr\/wp-content\/uploads\/2020\/03\/34_michel_LAVIGNE.jpg 400w\" sizes=\"(max-width: 200px) 100vw, 200px\" \/><\/div><\/div><div id=\"pgc-836-35-1\"  class=\"panel-grid-cell\" ><div id=\"panel-836-35-1-0\" class=\"widget_text so-panel widget widget_custom_html panel-first-child panel-last-child\" data-index=\"69\" ><div class=\"textwidget custom-html-widget\"><body>\n<big style=\"color: rgb(232, 110, 112);\"><big\n style=\"font-family: Arial; font-weight: bold;\">\nMichel LAVIGNE\n<\/big><span style=\"font-family: Arial; font-style: italic;\"><\/span><\/big><br>\n<big><span style=\"font-family: Arial;\">\nFonctionnaire territorial retrait\u00e9, 76 ans\n<br>\n<\/span><span style=\"font-family: Arial; font-style: italic;\"><\/span><\/big>\n<blockquote>\n<span\n style=\"font-family: Arial,sans-serif;\"\n ;style=\"font-size: medium;\"><i>\n\u00ab J\u2019ai rejoint les Robin.e.s tranquillement pour d\u00e9fendre l\u2019avenir de ma ville et de mes petits enfants. C\u2019est de mon devoir et j\u2019y veillerai avec les Robin.e.s \u00bb \n<\/i><\/span>\n<\/blockquote>\n<\/body>\n<\/div><\/div><\/div><\/div><div id=\"pg-836-36\"  class=\"panel-grid panel-no-style\" ><div id=\"pgc-836-36-0\"  class=\"panel-grid-cell\" ><div id=\"panel-836-36-0-0\" class=\"so-panel widget widget_media_image panel-first-child panel-last-child\" data-index=\"70\" ><img width=\"200\" height=\"300\" src=\"https:\/\/lesrobines.fr\/wp-content\/uploads\/2020\/03\/35_Emmanuelle_DANIEAU-200x300.jpg\" class=\"image wp-image-1358  attachment-medium size-medium\" alt=\"35_Emmanuelle_DANIEAU\" decoding=\"async\" loading=\"lazy\" style=\"max-width: 100%; height: auto;\" srcset=\"https:\/\/lesrobines.fr\/wp-content\/uploads\/2020\/03\/35_Emmanuelle_DANIEAU-200x300.jpg 200w, https:\/\/lesrobines.fr\/wp-content\/uploads\/2020\/03\/35_Emmanuelle_DANIEAU.jpg 400w\" sizes=\"(max-width: 200px) 100vw, 200px\" \/><\/div><\/div><div id=\"pgc-836-36-1\"  class=\"panel-grid-cell\" ><div id=\"panel-836-36-1-0\" class=\"widget_text so-panel widget widget_custom_html panel-first-child panel-last-child\" data-index=\"71\" ><div class=\"textwidget custom-html-widget\"><body>\n<big style=\"color: rgb(84, 172, 156);\"><big\n style=\"font-family: Arial; font-weight: bold;\">\nEmmanuelle DANIEAU\n<\/big><span style=\"font-family: Arial; font-style: italic;\"><\/span><\/big><br>\n<big><span style=\"font-family: Arial;\">\nProfesseure des \u00e9coles, 38 ans\n<br>\n<\/span><span style=\"font-family: Arial; font-style: italic;\"><\/span><\/big>\n<blockquote>\n<span\n style=\"font-family: Arial,sans-serif;\"\n ;style=\"font-size: medium;\"><i>\nL\u2019urgence climatique n\u2019est pas un leurre ! c\u2019est en agissant localement, \u00e0 notre \u00e9chelle que nous pouvons inverser la tendance et faire de notre ville un \u00e9co-lieu qui donne envie aux autres d\u2019en faire autant. Tou.te.s ensemble, nous pouvons y arriver ! \n<\/i><\/span>\n<\/blockquote>\n<\/body><\/div><\/div><\/div><\/div><div id=\"pg-836-37\"  class=\"panel-grid panel-no-style\" ><div id=\"pgc-836-37-0\"  class=\"panel-grid-cell\" ><div id=\"panel-836-37-0-0\" class=\"so-panel widget widget_media_image panel-first-child panel-last-child\" data-index=\"72\" ><img width=\"200\" height=\"300\" src=\"https:\/\/lesrobines.fr\/wp-content\/uploads\/2020\/03\/36_Pierre_DURAN-200x300.jpg\" class=\"image wp-image-1359  attachment-medium size-medium\" alt=\"36_Pierre_DURAN\" decoding=\"async\" loading=\"lazy\" style=\"max-width: 100%; height: auto;\" srcset=\"https:\/\/lesrobines.fr\/wp-content\/uploads\/2020\/03\/36_Pierre_DURAN-200x300.jpg 200w, https:\/\/lesrobines.fr\/wp-content\/uploads\/2020\/03\/36_Pierre_DURAN.jpg 399w\" sizes=\"(max-width: 200px) 100vw, 200px\" \/><\/div><\/div><div id=\"pgc-836-37-1\"  class=\"panel-grid-cell\" ><div id=\"panel-836-37-1-0\" class=\"widget_text so-panel widget widget_custom_html panel-first-child panel-last-child\" data-index=\"73\" ><div class=\"textwidget custom-html-widget\"><body>\n<big style=\"color: rgb(232, 110, 112);\"><big\n style=\"font-family: Arial; font-weight: bold;\">\nPierre DURAN\n<\/big><span style=\"font-family: Arial; font-style: italic;\"><\/span><\/big><br>\n<big><span style=\"font-family: Arial;\">\nRetrait\u00e9, 64 ans\n<br>\n<\/span><span style=\"font-family: Arial; font-style: italic;\"><\/span><\/big>\n<blockquote>\n<span\n style=\"font-family: Arial,sans-serif;\"\n ;style=\"font-size: medium;\"><i>\nM'investir pour le d\u00e9veloppement de l'agriculture biologique, les producteurs et commer\u00e7ants locaux mais aussi la monnaie locale, voil\u00e0 le but de mon engagement avec les Robin.e.s. \n\t\n<\/i><\/span>\n<\/blockquote>\n<\/body>\n<\/div><\/div><\/div><\/div><div id=\"pg-836-38\"  class=\"panel-grid panel-no-style\" ><div id=\"pgc-836-38-0\"  class=\"panel-grid-cell\" ><div id=\"panel-836-38-0-0\" class=\"so-panel widget widget_media_image panel-first-child panel-last-child\" data-index=\"74\" ><img width=\"200\" height=\"300\" src=\"https:\/\/lesrobines.fr\/wp-content\/uploads\/2020\/03\/37_Louise_THIROT-200x300.jpg\" class=\"image wp-image-1360  attachment-medium size-medium\" alt=\"37_Louise_THIROT\" decoding=\"async\" loading=\"lazy\" style=\"max-width: 100%; height: auto;\" srcset=\"https:\/\/lesrobines.fr\/wp-content\/uploads\/2020\/03\/37_Louise_THIROT-200x300.jpg 200w, https:\/\/lesrobines.fr\/wp-content\/uploads\/2020\/03\/37_Louise_THIROT.jpg 400w\" sizes=\"(max-width: 200px) 100vw, 200px\" \/><\/div><\/div><div id=\"pgc-836-38-1\"  class=\"panel-grid-cell\" ><div id=\"panel-836-38-1-0\" class=\"widget_text so-panel widget widget_custom_html panel-first-child panel-last-child\" data-index=\"75\" ><div class=\"textwidget custom-html-widget\"><body>\n<big style=\"color: rgb(84, 172, 156);\"><big\n style=\"font-family: Arial; font-weight: bold;\">\nLouise THIROT\n<\/big><span style=\"font-family: Arial; font-style: italic;\"><\/span><\/big><br>\n<big><span style=\"font-family: Arial;\">\nEtudiante en cin\u00e9ma, 20 ans\n<br>\n<\/span><span style=\"font-family: Arial; font-style: italic;\"><\/span><\/big>\n<blockquote>\n<span\n style=\"font-family: Arial,sans-serif;\"\n ;style=\"font-size: medium;\"><i>\nParce que l'\u00e9ecologie est vecteur d'une plus grande \u00e9galit\u00e9 et d'un d\u00e9veloppement durable que l'on peut \u00e9tendre \u00e0 l'\u00e9chelle internationale.L'\u00e9cologie est importante et source d'\u00e9nergie et de vie, c'est pourquoi je soutiens les Robin.e.s. \n<\/i><\/span>\n<\/blockquote>\n<\/body><\/div><\/div><\/div><\/div><div id=\"pg-836-39\"  class=\"panel-grid panel-no-style\" ><div id=\"pgc-836-39-0\"  class=\"panel-grid-cell\" ><div id=\"panel-836-39-0-0\" class=\"so-panel widget widget_media_image panel-first-child panel-last-child\" data-index=\"76\" ><img width=\"200\" height=\"300\" src=\"https:\/\/lesrobines.fr\/wp-content\/uploads\/2020\/03\/38_Gael_PLANTARD-200x300.jpg\" class=\"image wp-image-1361  attachment-medium size-medium\" alt=\"38_Gael_PLANTARD\" decoding=\"async\" loading=\"lazy\" style=\"max-width: 100%; height: auto;\" srcset=\"https:\/\/lesrobines.fr\/wp-content\/uploads\/2020\/03\/38_Gael_PLANTARD-200x300.jpg 200w, https:\/\/lesrobines.fr\/wp-content\/uploads\/2020\/03\/38_Gael_PLANTARD.jpg 400w\" sizes=\"(max-width: 200px) 100vw, 200px\" \/><\/div><\/div><div id=\"pgc-836-39-1\"  class=\"panel-grid-cell\" ><div id=\"panel-836-39-1-0\" class=\"widget_text so-panel widget widget_custom_html panel-first-child panel-last-child\" data-index=\"77\" ><div class=\"textwidget custom-html-widget\"><body>\n<big style=\"color: rgb(232, 110, 112);\"><big\n style=\"font-family: Arial; font-weight: bold;\">\nGa\u00ebl PLANTARD\n<\/big><span style=\"font-family: Arial; font-style: italic;\"><\/span><\/big><br>\n<big><span style=\"font-family: Arial;\">\nEnseignant chercheur, 43 ans\n<br>\n<\/span><span style=\"font-family: Arial; font-style: italic;\"><\/span><\/big>\n<blockquote>\n<span\n style=\"font-family: Arial,sans-serif;\"\n ;style=\"font-size: medium;\"><i>\nConsommer localement, ancrer les productions et les activit\u00e9s sur notre territoire pour cr\u00e9er de la proximit\u00e9 et des emplois de qualit\u00e9 me semblent le chemin \u00e0 prendre. Je souhaite m'engager avec les Robines pour participer \u00e0 cette dynamique positive et accomplir cette transition. \n<\/i><\/span>\n<\/blockquote>\n<\/body>\n<\/div><\/div><\/div><\/div><div id=\"pg-836-40\"  class=\"panel-grid panel-no-style\" ><div id=\"pgc-836-40-0\"  class=\"panel-grid-cell\" ><div id=\"panel-836-40-0-0\" class=\"so-panel widget widget_media_image panel-first-child panel-last-child\" data-index=\"78\" ><img width=\"200\" height=\"300\" src=\"https:\/\/lesrobines.fr\/wp-content\/uploads\/2020\/03\/39_Sylvaine_LESECQ_SAINT_SANS-200x300.jpg\" class=\"image wp-image-1362  attachment-medium size-medium\" alt=\"39_Sylvaine_LESECQ_SAINT_SANS\" decoding=\"async\" loading=\"lazy\" style=\"max-width: 100%; height: auto;\" srcset=\"https:\/\/lesrobines.fr\/wp-content\/uploads\/2020\/03\/39_Sylvaine_LESECQ_SAINT_SANS-200x300.jpg 200w, https:\/\/lesrobines.fr\/wp-content\/uploads\/2020\/03\/39_Sylvaine_LESECQ_SAINT_SANS.jpg 400w\" sizes=\"(max-width: 200px) 100vw, 200px\" \/><\/div><\/div><div id=\"pgc-836-40-1\"  class=\"panel-grid-cell\" ><div id=\"panel-836-40-1-0\" class=\"widget_text so-panel widget widget_custom_html panel-first-child panel-last-child\" data-index=\"79\" ><div class=\"textwidget custom-html-widget\"><body>\n<big style=\"color: rgb(84, 172, 156);\"><big\n style=\"font-family: Arial; font-weight: bold;\">\nSylvaine LESECQ SAINT SANS\n<\/big><span style=\"font-family: Arial; font-style: italic;\"><\/span><\/big><br>\n<big><span style=\"font-family: Arial;\">\nArchitecte DPLG, 50 ans\n<br>\n<\/span><span style=\"font-family: Arial; font-style: italic;\"><\/span><\/big>\n<blockquote>\n<span\n style=\"font-family: Arial,sans-serif;\"\n ;style=\"font-size: medium;\"><i>\nJe travaille dans le secteur du b\u00e2timent gros producteur de CO2, de d\u00e9chets et qui utilise souvent des mat\u00e9riaux n\u00e9fastes pour la sant\u00e9. Les politiques locales peuvent modifier ces choix, c\u2019est pourquoi, j\u2018ai d\u00e9cid\u00e9 de rejoindre l\u2019\u00e9quipe d\u00e9termin\u00e9e et enthousiaste des Robin.e.s ! \n<\/i><\/span>\n<\/blockquote>\n<\/body><\/div><\/div><\/div><\/div><div id=\"pg-836-41\"  class=\"panel-grid panel-no-style\" ><div id=\"pgc-836-41-0\"  class=\"panel-grid-cell\" ><div id=\"panel-836-41-0-0\" class=\"so-panel widget widget_media_image panel-first-child panel-last-child\" data-index=\"80\" ><img width=\"200\" height=\"300\" src=\"https:\/\/lesrobines.fr\/wp-content\/uploads\/2020\/03\/40_Pierre_ROUVIERE-200x300.jpg\" class=\"image wp-image-1550  attachment-medium size-medium\" alt=\"40_Pierre_ROUVIERE\" decoding=\"async\" loading=\"lazy\" style=\"max-width: 100%; height: auto;\" srcset=\"https:\/\/lesrobines.fr\/wp-content\/uploads\/2020\/03\/40_Pierre_ROUVIERE-200x300.jpg 200w, https:\/\/lesrobines.fr\/wp-content\/uploads\/2020\/03\/40_Pierre_ROUVIERE.jpg 400w\" sizes=\"(max-width: 200px) 100vw, 200px\" \/><\/div><\/div><div id=\"pgc-836-41-1\"  class=\"panel-grid-cell\" ><div id=\"panel-836-41-1-0\" class=\"widget_text so-panel widget widget_custom_html panel-first-child panel-last-child\" data-index=\"81\" ><div class=\"textwidget custom-html-widget\"><body>\n<big style=\"color: rgb(232, 110, 112);\"><big\n style=\"font-family: Arial; font-weight: bold;\">\nPierre ROUVI\u00c8RE\n<\/big><span style=\"font-family: Arial; font-style: italic;\"><\/span><\/big><br>\n<big><span style=\"font-family: Arial;\">\nM\u00e9decin du travail, 58 ans\n<br>\n<\/span><span style=\"font-family: Arial; font-style: italic;\"><\/span><\/big>\n<blockquote>\n<span\n style=\"font-family: Arial,sans-serif;\"\n ;style=\"font-size: medium;\"><i>\nNarbonnais et m\u00e9decin de 58 ans, je suis n\u00e9 et vis \u00e0 Narbonne. Mon exp\u00e9rience comme m\u00e9decin du travail en site SEVESO me pousse \u00e0 m'engager aupr\u00e8s des Robin.e.s pour agir pour notre sant\u00e9 et notre environnement. \n<\/i><\/span>\n<\/blockquote>\n<\/body>\n<\/div><\/div><\/div><\/div><div id=\"pg-836-42\"  class=\"panel-grid panel-no-style\" ><div id=\"pgc-836-42-0\"  class=\"panel-grid-cell\" ><div id=\"panel-836-42-0-0\" class=\"so-panel widget widget_media_image panel-first-child panel-last-child\" data-index=\"82\" ><img width=\"200\" height=\"300\" src=\"https:\/\/lesrobines.fr\/wp-content\/uploads\/2020\/03\/41_Laetitia_GARAND-200x300.jpg\" class=\"image wp-image-1363  attachment-medium size-medium\" alt=\"41_Laetitia_GARAND\" decoding=\"async\" loading=\"lazy\" style=\"max-width: 100%; height: auto;\" srcset=\"https:\/\/lesrobines.fr\/wp-content\/uploads\/2020\/03\/41_Laetitia_GARAND-200x300.jpg 200w, https:\/\/lesrobines.fr\/wp-content\/uploads\/2020\/03\/41_Laetitia_GARAND.jpg 399w\" sizes=\"(max-width: 200px) 100vw, 200px\" \/><\/div><\/div><div id=\"pgc-836-42-1\"  class=\"panel-grid-cell\" ><div id=\"panel-836-42-1-0\" class=\"widget_text so-panel widget widget_custom_html panel-first-child panel-last-child\" data-index=\"83\" ><div class=\"textwidget custom-html-widget\"><body>\n<big style=\"color: rgb(84, 172, 156);\"><big\n style=\"font-family: Arial; font-weight: bold;\">\nLaetitia GARAND\n<\/big><span style=\"font-family: Arial; font-style: italic;\"><\/span><\/big><br>\n<big><span style=\"font-family: Arial;\">\nInfirmi\u00e8re, 42 ans\n<br>\n<\/span><span style=\"font-family: Arial; font-style: italic;\"><\/span><\/big>\n<blockquote>\n<span\n style=\"font-family: Arial,sans-serif;\"\n ;style=\"font-size: medium;\"><i>\nAvec les Robin.e.s \u00e9mergera un projet pour la collectivit\u00e9 narbonnaise o\u00f9 les valeurs humanistes et la pr\u00e9occupation environnementale auront une place pr\u00e9pond\u00e9rante pour am\u00e9liorer la qualit\u00e9 de vie de l\u2019ensemble de la population\n<\/i><\/span>\n<\/blockquote>\n<\/body><\/div><\/div><\/div><\/div><div id=\"pg-836-43\"  class=\"panel-grid panel-no-style\" ><div id=\"pgc-836-43-0\"  class=\"panel-grid-cell\" ><div id=\"panel-836-43-0-0\" class=\"so-panel widget widget_media_image panel-first-child panel-last-child\" data-index=\"84\" ><img width=\"200\" height=\"300\" src=\"https:\/\/lesrobines.fr\/wp-content\/uploads\/2020\/03\/42_jean_AUSSILLOUX-200x300.jpg\" class=\"image wp-image-1364  attachment-medium size-medium\" alt=\"42_jean_AUSSILLOUX\" decoding=\"async\" loading=\"lazy\" style=\"max-width: 100%; height: auto;\" srcset=\"https:\/\/lesrobines.fr\/wp-content\/uploads\/2020\/03\/42_jean_AUSSILLOUX-200x300.jpg 200w, https:\/\/lesrobines.fr\/wp-content\/uploads\/2020\/03\/42_jean_AUSSILLOUX.jpg 400w\" sizes=\"(max-width: 200px) 100vw, 200px\" \/><\/div><\/div><div id=\"pgc-836-43-1\"  class=\"panel-grid-cell\" ><div id=\"panel-836-43-1-0\" class=\"widget_text so-panel widget widget_custom_html panel-first-child panel-last-child\" data-index=\"85\" ><div class=\"textwidget custom-html-widget\"><body>\n<big style=\"color: rgb(232, 110, 112);\"><big\n style=\"font-family: Arial; font-weight: bold;\">\nJean AUSSILLOUX\n<\/big><span style=\"font-family: Arial; font-style: italic;\"><\/span><\/big><br>\n<big><span style=\"font-family: Arial;\">\nAvocat, 52 ans\n<br>\n<\/span><span style=\"font-family: Arial; font-style: italic;\"><\/span><\/big>\n<blockquote>\n<span\n style=\"font-family: Arial,sans-serif;\"\n ;style=\"font-size: medium;\"><i>\nL\u2019\u00e9cologie doit \u00eatre au c\u0153ur de toutes les d\u00e9cisions, la ville est le niveau id\u00e9al pour agir rapidement. L\u2019\u00e9quipe des Robines n\u2019est pas seulement la plus comp\u00e9tente et engag\u00e9e dans ce domaine : elle est moderne, \u00e9nergique et enthousiaste ! Avec les Robin.e.s, Narbonne ne sera plus la belle endormie.\n<\/i><\/span>\n<\/blockquote>\n<\/body>\n<\/div><\/div><\/div><\/div><div id=\"pg-836-44\"  class=\"panel-grid panel-no-style\" ><div id=\"pgc-836-44-0\"  class=\"panel-grid-cell\" ><div id=\"panel-836-44-0-0\" class=\"so-panel widget widget_media_image panel-first-child panel-last-child\" data-index=\"86\" ><img width=\"200\" height=\"300\" src=\"https:\/\/lesrobines.fr\/wp-content\/uploads\/2020\/03\/43_Aurelie_BOUVET-200x300.jpg\" class=\"image wp-image-1365  attachment-medium size-medium\" alt=\"43_Aurelie_BOUVET\" decoding=\"async\" loading=\"lazy\" style=\"max-width: 100%; height: auto;\" srcset=\"https:\/\/lesrobines.fr\/wp-content\/uploads\/2020\/03\/43_Aurelie_BOUVET-200x300.jpg 200w, https:\/\/lesrobines.fr\/wp-content\/uploads\/2020\/03\/43_Aurelie_BOUVET.jpg 400w\" sizes=\"(max-width: 200px) 100vw, 200px\" \/><\/div><\/div><div id=\"pgc-836-44-1\"  class=\"panel-grid-cell\" ><div id=\"panel-836-44-1-0\" class=\"widget_text so-panel widget widget_custom_html panel-first-child panel-last-child\" data-index=\"87\" ><div class=\"textwidget custom-html-widget\"><body>\n<big style=\"color: rgb(84, 172, 156);\"><big\n style=\"font-family: Arial; font-weight: bold;\">\nAur\u00e9lie BOUVET\n<\/big><span style=\"font-family: Arial; font-style: italic;\"><\/span><\/big><br>\n<big><span style=\"font-family: Arial;\">\nIng\u00e9nieure Biom\u00e9dical, 33 ans\n<br>\n<\/span><span style=\"font-family: Arial; font-style: italic;\"><\/span><\/big>\n<blockquote>\n<span\n style=\"font-family: Arial,sans-serif;\"\n ;style=\"font-size: medium;\"><i>\nHabituellement \u00e9loign\u00e9e de la politique, je m\u2019engage avec les Robin.e.s car il y a urgence, \u00e9cologique et sociale. Pour nous tou.te.s, et pour nos enfants, faisons bouger les choses. Agissons localement. Ensemble. Pour demain. Cr\u00e9ons le changement pour une vraie d\u00e9mocratie. \n<\/i><\/span>\n<\/blockquote>\n<\/body><\/div><\/div><\/div><\/div><div id=\"pg-836-45\"  class=\"panel-grid panel-no-style\" ><div id=\"pgc-836-45-0\"  class=\"panel-grid-cell\" ><div id=\"panel-836-45-0-0\" class=\"so-panel widget widget_media_image panel-first-child panel-last-child\" data-index=\"88\" ><img width=\"201\" height=\"300\" src=\"https:\/\/lesrobines.fr\/wp-content\/uploads\/2020\/03\/44_Alexandre_CHALANT-201x300.jpg\" class=\"image wp-image-1366  attachment-medium size-medium\" alt=\"44_Alexandre_CHALANT\" decoding=\"async\" loading=\"lazy\" style=\"max-width: 100%; height: auto;\" srcset=\"https:\/\/lesrobines.fr\/wp-content\/uploads\/2020\/03\/44_Alexandre_CHALANT-201x300.jpg 201w, https:\/\/lesrobines.fr\/wp-content\/uploads\/2020\/03\/44_Alexandre_CHALANT.jpg 401w\" sizes=\"(max-width: 201px) 100vw, 201px\" \/><\/div><\/div><div id=\"pgc-836-45-1\"  class=\"panel-grid-cell\" ><div id=\"panel-836-45-1-0\" class=\"widget_text so-panel widget widget_custom_html panel-first-child panel-last-child\" data-index=\"89\" ><div class=\"textwidget custom-html-widget\"><body>\n<big style=\"color: rgb(232, 110, 112);\"><big\n style=\"font-family: Arial; font-weight: bold;\">\nAlexandre CHALANT\n<\/big><span style=\"font-family: Arial; font-style: italic;\"><\/span><\/big><br>\n<big><span style=\"font-family: Arial;\">\nEnseignant, 39 ans\n<br>\n<\/span><span style=\"font-family: Arial; font-style: italic;\"><\/span><\/big>\n<blockquote>\n<span\n style=\"font-family: Arial,sans-serif;\"\n ;style=\"font-size: medium;\"><i>\nJe me suis engag\u00e9 avec les Robin.e.s pour organiser la r\u00e9silience de Narbonne devant la catastrophe \u00e0 venir et offrir \u00e0 mes enfants la possibilit\u00e9 de vivre plus harmonieusement dans un environnement plus sain, une ville plus solidaire. Le monde se change d\u2019abord localement.\n<\/i><\/span>\n<\/blockquote>\n<\/body>\n<\/div><\/div><\/div><\/div><div id=\"pg-836-46\"  class=\"panel-grid panel-no-style\" ><div id=\"pgc-836-46-0\"  class=\"panel-grid-cell\" ><div id=\"panel-836-46-0-0\" class=\"so-panel widget widget_media_image panel-first-child panel-last-child\" data-index=\"90\" ><img width=\"200\" height=\"300\" src=\"https:\/\/lesrobines.fr\/wp-content\/uploads\/2020\/03\/45_virginie_ROSSARD-200x300.jpg\" class=\"image wp-image-1367  attachment-medium size-medium\" alt=\"45_virginie_ROSSARD\" decoding=\"async\" loading=\"lazy\" style=\"max-width: 100%; height: auto;\" srcset=\"https:\/\/lesrobines.fr\/wp-content\/uploads\/2020\/03\/45_virginie_ROSSARD-200x300.jpg 200w, https:\/\/lesrobines.fr\/wp-content\/uploads\/2020\/03\/45_virginie_ROSSARD.jpg 400w\" sizes=\"(max-width: 200px) 100vw, 200px\" \/><\/div><\/div><div id=\"pgc-836-46-1\"  class=\"panel-grid-cell\" ><div id=\"panel-836-46-1-0\" class=\"widget_text so-panel widget widget_custom_html panel-first-child panel-last-child\" data-index=\"91\" ><div class=\"textwidget custom-html-widget\"><body>\n<big style=\"color: rgb(84, 172, 156);\"><big\n style=\"font-family: Arial; font-weight: bold;\">\nVirginie ROSSARD\n<\/big><span style=\"font-family: Arial; font-style: italic;\"><\/span><\/big><br>\n<big><span style=\"font-family: Arial;\">\nIng\u00e9nieure logicielle, 37 ans\n<br>\n<\/span><span style=\"font-family: Arial; font-style: italic;\"><\/span><\/big>\n<blockquote>\n<span\n style=\"font-family: Arial,sans-serif;\"\n ;style=\"font-size: medium;\">Mon m\u00e9tier de d\u00e9veloppeuse web pour la recherche des donn\u00e9es environnementales m'adonn\u00e9 l'envie de militer pour l'\u00e9cologie. Nous avons la chance de vivre dans une belle r\u00e9gion dont il faut prot\u00e9ger l'environnement. C'est pour toutes ces raisons qu'il faut faire confiance aux Robin.e.s pour un changement vers un avenir plus vert, propre, doux et social.<i>\n\n<\/i><\/span>\n<\/blockquote>\n<\/body><\/div><\/div><\/div><\/div><\/div>","protected":false},"excerpt":{"rendered":"<p>Notre \u00e9quipe Viviane THIVENT Journaliste scientifique, 42 ans Elle \u00e9crit pour Le Monde, Sciences et Avenir, National Geographic ou The good life. Fellow de l&rsquo;universit\u00e9 Columbia \u00e0 New York. Elle est aussi laur\u00e9ate de la bourse d&rsquo;enqu\u00eate de l&rsquo;European Journalism centre et de Foundation Bill et Melinda Gates. Engag\u00e9e pour [&hellip;]<\/p>\n","protected":false},"author":5,"featured_media":890,"parent":0,"menu_order":0,"comment_status":"closed","ping_status":"closed","template":"","meta":{"_mi_skip_tracking":false,"_monsterinsights_sitenote_active":false,"_monsterinsights_sitenote_note":"","_monsterinsights_sitenote_category":0},"yoast_head":"<!-- This site is optimized with the Yoast SEO plugin v20.12 - https:\/\/yoast.com\/wordpress\/plugins\/seo\/ -->\n<title>L&#039;\u00e9quipe des Robin.e.s - Les Robin.e.s<\/title>\n<meta name=\"robots\" content=\"index, follow, max-snippet:-1, max-image-preview:large, max-video-preview:-1\" \/>\n<link rel=\"canonical\" href=\"https:\/\/lesrobines.fr\/index.php\/lequipe-des-robin-e-s\/\" \/>\n<meta property=\"og:locale\" content=\"fr_FR\" \/>\n<meta property=\"og:type\" content=\"article\" \/>\n<meta property=\"og:title\" content=\"L&#039;\u00e9quipe des Robin.e.s - Les Robin.e.s\" \/>\n<meta property=\"og:description\" content=\"Notre \u00e9quipe Viviane THIVENT Journaliste scientifique, 42 ans Elle \u00e9crit pour Le Monde, Sciences et Avenir, National Geographic ou The good life. Fellow de l&#039;universit\u00e9 Columbia \u00e0 New York. Elle est aussi laur\u00e9ate de la bourse d&#039;enqu\u00eate de l&#039;European Journalism centre et de Foundation Bill et Melinda Gates. Engag\u00e9e pour [&hellip;]\" \/>\n<meta property=\"og:url\" content=\"https:\/\/lesrobines.fr\/index.php\/lequipe-des-robin-e-s\/\" \/>\n<meta property=\"og:site_name\" content=\"Les Robin.e.s\" \/>\n<meta property=\"article:modified_time\" content=\"2020-06-05T08:38:47+00:00\" \/>\n<meta property=\"og:image\" content=\"https:\/\/lesrobines.fr\/wp-content\/uploads\/2020\/02\/revue_de_presse_Indep_20-02-20.jpg\" \/>\n\t<meta property=\"og:image:width\" content=\"885\" \/>\n\t<meta property=\"og:image:height\" content=\"500\" \/>\n\t<meta property=\"og:image:type\" content=\"image\/jpeg\" \/>\n<meta name=\"twitter:card\" content=\"summary_large_image\" \/>\n<meta name=\"twitter:label1\" content=\"Dur\u00e9e de lecture estim\u00e9e\" \/>\n\t<meta name=\"twitter:data1\" content=\"4 minutes\" \/>\n<script type=\"application\/ld+json\" class=\"yoast-schema-graph\">{\"@context\":\"https:\/\/schema.org\",\"@graph\":[{\"@type\":\"WebPage\",\"@id\":\"https:\/\/lesrobines.fr\/index.php\/lequipe-des-robin-e-s\/\",\"url\":\"https:\/\/lesrobines.fr\/index.php\/lequipe-des-robin-e-s\/\",\"name\":\"L'\u00e9quipe des Robin.e.s - Les Robin.e.s\",\"isPartOf\":{\"@id\":\"http:\/\/lesrobines.fr\/#website\"},\"datePublished\":\"2020-02-18T16:51:17+00:00\",\"dateModified\":\"2020-06-05T08:38:47+00:00\",\"breadcrumb\":{\"@id\":\"https:\/\/lesrobines.fr\/index.php\/lequipe-des-robin-e-s\/#breadcrumb\"},\"inLanguage\":\"fr-FR\",\"potentialAction\":[{\"@type\":\"ReadAction\",\"target\":[\"https:\/\/lesrobines.fr\/index.php\/lequipe-des-robin-e-s\/\"]}]},{\"@type\":\"BreadcrumbList\",\"@id\":\"https:\/\/lesrobines.fr\/index.php\/lequipe-des-robin-e-s\/#breadcrumb\",\"itemListElement\":[{\"@type\":\"ListItem\",\"position\":1,\"name\":\"Accueil\",\"item\":\"http:\/\/lesrobines.fr\/\"},{\"@type\":\"ListItem\",\"position\":2,\"name\":\"L&rsquo;\u00e9quipe des Robin.e.s\"}]},{\"@type\":\"WebSite\",\"@id\":\"http:\/\/lesrobines.fr\/#website\",\"url\":\"http:\/\/lesrobines.fr\/\",\"name\":\"Les Robin.e.s\",\"description\":\"Pour une ville \u00e9cologique solidaire\",\"publisher\":{\"@id\":\"http:\/\/lesrobines.fr\/#organization\"},\"potentialAction\":[{\"@type\":\"SearchAction\",\"target\":{\"@type\":\"EntryPoint\",\"urlTemplate\":\"http:\/\/lesrobines.fr\/?s={search_term_string}\"},\"query-input\":\"required name=search_term_string\"}],\"inLanguage\":\"fr-FR\"},{\"@type\":\"Organization\",\"@id\":\"http:\/\/lesrobines.fr\/#organization\",\"name\":\"Les Robin.e.s\",\"url\":\"http:\/\/lesrobines.fr\/\",\"logo\":{\"@type\":\"ImageObject\",\"inLanguage\":\"fr-FR\",\"@id\":\"http:\/\/lesrobines.fr\/#\/schema\/logo\/image\/\",\"url\":\"https:\/\/lesrobines.fr\/wp-content\/uploads\/2020\/01\/cropped-LES-ROBINES-05-header.png\",\"contentUrl\":\"https:\/\/lesrobines.fr\/wp-content\/uploads\/2020\/01\/cropped-LES-ROBINES-05-header.png\",\"width\":5999,\"height\":1681,\"caption\":\"Les Robin.e.s\"},\"image\":{\"@id\":\"http:\/\/lesrobines.fr\/#\/schema\/logo\/image\/\"}}]}<\/script>\n<!-- \/ Yoast SEO plugin. -->","yoast_head_json":{"title":"L'\u00e9quipe des Robin.e.s - Les Robin.e.s","robots":{"index":"index","follow":"follow","max-snippet":"max-snippet:-1","max-image-preview":"max-image-preview:large","max-video-preview":"max-video-preview:-1"},"canonical":"https:\/\/lesrobines.fr\/index.php\/lequipe-des-robin-e-s\/","og_locale":"fr_FR","og_type":"article","og_title":"L'\u00e9quipe des Robin.e.s - Les Robin.e.s","og_description":"Notre \u00e9quipe Viviane THIVENT Journaliste scientifique, 42 ans Elle \u00e9crit pour Le Monde, Sciences et Avenir, National Geographic ou The good life. Fellow de l'universit\u00e9 Columbia \u00e0 New York. Elle est aussi laur\u00e9ate de la bourse d'enqu\u00eate de l'European Journalism centre et de Foundation Bill et Melinda Gates. Engag\u00e9e pour [&hellip;]","og_url":"https:\/\/lesrobines.fr\/index.php\/lequipe-des-robin-e-s\/","og_site_name":"Les Robin.e.s","article_modified_time":"2020-06-05T08:38:47+00:00","og_image":[{"width":885,"height":500,"url":"https:\/\/lesrobines.fr\/wp-content\/uploads\/2020\/02\/revue_de_presse_Indep_20-02-20.jpg","type":"image\/jpeg"}],"twitter_card":"summary_large_image","twitter_misc":{"Dur\u00e9e de lecture estim\u00e9e":"4 minutes"},"schema":{"@context":"https:\/\/schema.org","@graph":[{"@type":"WebPage","@id":"https:\/\/lesrobines.fr\/index.php\/lequipe-des-robin-e-s\/","url":"https:\/\/lesrobines.fr\/index.php\/lequipe-des-robin-e-s\/","name":"L'\u00e9quipe des Robin.e.s - Les Robin.e.s","isPartOf":{"@id":"http:\/\/lesrobines.fr\/#website"},"datePublished":"2020-02-18T16:51:17+00:00","dateModified":"2020-06-05T08:38:47+00:00","breadcrumb":{"@id":"https:\/\/lesrobines.fr\/index.php\/lequipe-des-robin-e-s\/#breadcrumb"},"inLanguage":"fr-FR","potentialAction":[{"@type":"ReadAction","target":["https:\/\/lesrobines.fr\/index.php\/lequipe-des-robin-e-s\/"]}]},{"@type":"BreadcrumbList","@id":"https:\/\/lesrobines.fr\/index.php\/lequipe-des-robin-e-s\/#breadcrumb","itemListElement":[{"@type":"ListItem","position":1,"name":"Accueil","item":"http:\/\/lesrobines.fr\/"},{"@type":"ListItem","position":2,"name":"L&rsquo;\u00e9quipe des Robin.e.s"}]},{"@type":"WebSite","@id":"http:\/\/lesrobines.fr\/#website","url":"http:\/\/lesrobines.fr\/","name":"Les Robin.e.s","description":"Pour une ville \u00e9cologique solidaire","publisher":{"@id":"http:\/\/lesrobines.fr\/#organization"},"potentialAction":[{"@type":"SearchAction","target":{"@type":"EntryPoint","urlTemplate":"http:\/\/lesrobines.fr\/?s={search_term_string}"},"query-input":"required name=search_term_string"}],"inLanguage":"fr-FR"},{"@type":"Organization","@id":"http:\/\/lesrobines.fr\/#organization","name":"Les Robin.e.s","url":"http:\/\/lesrobines.fr\/","logo":{"@type":"ImageObject","inLanguage":"fr-FR","@id":"http:\/\/lesrobines.fr\/#\/schema\/logo\/image\/","url":"https:\/\/lesrobines.fr\/wp-content\/uploads\/2020\/01\/cropped-LES-ROBINES-05-header.png","contentUrl":"https:\/\/lesrobines.fr\/wp-content\/uploads\/2020\/01\/cropped-LES-ROBINES-05-header.png","width":5999,"height":1681,"caption":"Les Robin.e.s"},"image":{"@id":"http:\/\/lesrobines.fr\/#\/schema\/logo\/image\/"}}]}},"_links":{"self":[{"href":"https:\/\/lesrobines.fr\/index.php\/wp-json\/wp\/v2\/pages\/836"}],"collection":[{"href":"https:\/\/lesrobines.fr\/index.php\/wp-json\/wp\/v2\/pages"}],"about":[{"href":"https:\/\/lesrobines.fr\/index.php\/wp-json\/wp\/v2\/types\/page"}],"author":[{"embeddable":true,"href":"https:\/\/lesrobines.fr\/index.php\/wp-json\/wp\/v2\/users\/5"}],"replies":[{"embeddable":true,"href":"https:\/\/lesrobines.fr\/index.php\/wp-json\/wp\/v2\/comments?post=836"}],"version-history":[{"count":222,"href":"https:\/\/lesrobines.fr\/index.php\/wp-json\/wp\/v2\/pages\/836\/revisions"}],"predecessor-version":[{"id":1690,"href":"https:\/\/lesrobines.fr\/index.php\/wp-json\/wp\/v2\/pages\/836\/revisions\/1690"}],"wp:featuredmedia":[{"embeddable":true,"href":"https:\/\/lesrobines.fr\/index.php\/wp-json\/wp\/v2\/media\/890"}],"wp:attachment":[{"href":"https:\/\/lesrobines.fr\/index.php\/wp-json\/wp\/v2\/media?parent=836"}],"curies":[{"name":"wp","href":"https:\/\/api.w.org\/{rel}","templated":true}]}}